{"id":122,"date":"2024-01-24T09:31:44","date_gmt":"2024-01-24T14:31:44","guid":{"rendered":"https:\/\/www.quito.gob.ec\/?page_id=122"},"modified":"2024-10-29T15:32:40","modified_gmt":"2024-10-29T20:32:40","slug":"alcalde","status":"publish","type":"page","link":"https:\/\/www.quito.gob.ec\/?page_id=122","title":{"rendered":"Alcalde de Quito"},"content":{"rendered":"\t\t<div data-elementor-type=\"wp-page\" data-elementor-id=\"122\" class=\"elementor elementor-122\" data-elementor-post-type=\"page\">\n\t\t\t\t<div class=\"elementor-element elementor-element-e000367 e-flex e-con-boxed e-con e-parent\" data-id=\"e000367\" data-element_type=\"container\">\n\t\t\t\t\t<div class=\"e-con-inner\">\n\t\t\t\t<div class=\"elementor-element elementor-element-8430284 elementor-widget elementor-widget-shortcode\" data-id=\"8430284\" data-element_type=\"widget\" data-widget_type=\"shortcode.default\">\n\t\t\t\t<div class=\"elementor-widget-container\">\n\t\t\t\t\t\t\t<div class=\"elementor-shortcode\">\t\t\t<!-- Flexy Breadcrumb -->\r\n\t\t\t<div class=\"fbc fbc-page\">\r\n\r\n\t\t\t\t<!-- Breadcrumb wrapper -->\r\n\t\t\t\t<div class=\"fbc-wrap\">\r\n\r\n\t\t\t\t\t<!-- Ordered list-->\r\n\t\t\t\t\t<ol class=\"fbc-items\" itemscope itemtype=\"https:\/\/schema.org\/BreadcrumbList\">\r\n\t\t\t\t\t\t            <li itemprop=\"itemListElement\" itemscope itemtype=\"https:\/\/schema.org\/ListItem\">\r\n                <span itemprop=\"name\">\r\n                    <!-- Home Link -->\r\n                    <a itemprop=\"item\" href=\"https:\/\/www.quito.gob.ec\">\r\n                    \r\n                                                    <i class=\"fa fa-home\" aria-hidden=\"true\"><\/i>Inicio                    <\/a>\r\n                <\/span>\r\n                <meta itemprop=\"position\" content=\"1\" \/><!-- Meta Position-->\r\n             <\/li><li><span class=\"fbc-separator\">\/<\/span><\/li><li class=\"active\" itemprop=\"itemListElement\" itemscope itemtype=\"https:\/\/schema.org\/ListItem\"><span itemprop=\"name\" title=\"Alcalde de Quito\">Alcalde de Quito<\/span><meta itemprop=\"position\" content=\"2\" \/><\/li>\t\t\t\t\t<\/ol>\r\n\t\t\t\t\t<div class=\"clearfix\"><\/div>\r\n\t\t\t\t<\/div>\r\n\t\t\t<\/div>\r\n\t\t\t<\/div>\n\t\t\t\t\t\t<\/div>\n\t\t\t\t<\/div>\n\t\t\t\t\t<\/div>\n\t\t\t\t<\/div>\n\t\t<div class=\"elementor-element elementor-element-7779346 e-flex e-con-boxed e-con e-parent\" data-id=\"7779346\" data-element_type=\"container\">\n\t\t\t\t\t<div class=\"e-con-inner\">\n\t\t\t\t<div class=\"elementor-element elementor-element-473524a elementor-widget-divider--view-line elementor-widget elementor-widget-divider\" data-id=\"473524a\" data-element_type=\"widget\" data-widget_type=\"divider.default\">\n\t\t\t\t<div class=\"elementor-widget-container\">\n\t\t\t\t\t\t\t<div class=\"elementor-divider\">\n\t\t\t<span class=\"elementor-divider-separator\">\n\t\t\t\t\t\t<\/span>\n\t\t<\/div>\n\t\t\t\t\t\t<\/div>\n\t\t\t\t<\/div>\n\t\t<div class=\"elementor-element elementor-element-85815c5 e-flex e-con-boxed e-con e-child\" data-id=\"85815c5\" data-element_type=\"container\">\n\t\t\t\t\t<div class=\"e-con-inner\">\n\t\t\t\t<div class=\"elementor-element elementor-element-ec8a2a5 elementor-widget-laptop__width-initial elementor-widget elementor-widget-heading\" data-id=\"ec8a2a5\" data-element_type=\"widget\" data-widget_type=\"heading.default\">\n\t\t\t\t<div class=\"elementor-widget-container\">\n\t\t\t\t\t<h5 class=\"elementor-heading-title elementor-size-default\">ALCALDE DE QUITO<\/h5>\t\t\t\t<\/div>\n\t\t\t\t<\/div>\n\t\t\t\t\t<\/div>\n\t\t\t\t<\/div>\n\t\t\t\t<div class=\"elementor-element elementor-element-64b37a1 elementor-widget-divider--view-line elementor-widget elementor-widget-divider\" data-id=\"64b37a1\" data-element_type=\"widget\" data-widget_type=\"divider.default\">\n\t\t\t\t<div class=\"elementor-widget-container\">\n\t\t\t\t\t\t\t<div class=\"elementor-divider\">\n\t\t\t<span class=\"elementor-divider-separator\">\n\t\t\t\t\t\t<\/span>\n\t\t<\/div>\n\t\t\t\t\t\t<\/div>\n\t\t\t\t<\/div>\n\t\t\t\t\t<\/div>\n\t\t\t\t<\/div>\n\t\t<div class=\"elementor-element elementor-element-c45690b e-flex e-con-boxed e-con e-parent\" data-id=\"c45690b\" data-element_type=\"container\">\n\t\t\t\t\t<div class=\"e-con-inner\">\n\t\t\t\t<div class=\"elementor-element elementor-element-49b8478 elementor-widget elementor-widget-image\" data-id=\"49b8478\" data-element_type=\"widget\" data-widget_type=\"image.default\">\n\t\t\t\t<div class=\"elementor-widget-container\">\n\t\t\t\t\t\t\t\t\t\t\t\t\t\t\t<img fetchpriority=\"high\" decoding=\"async\" width=\"1024\" height=\"682\" src=\"https:\/\/www.quito.gob.ec\/wp-content\/uploads\/2024\/10\/Foto-SA-2024-1024x682.webp\" class=\"attachment-large size-large wp-image-8930\" alt=\"\" srcset=\"https:\/\/www.quito.gob.ec\/wp-content\/uploads\/2024\/10\/Foto-SA-2024-1024x682.webp 1024w, https:\/\/www.quito.gob.ec\/wp-content\/uploads\/2024\/10\/Foto-SA-2024-300x200.webp 300w, https:\/\/www.quito.gob.ec\/wp-content\/uploads\/2024\/10\/Foto-SA-2024-768x512.webp 768w, https:\/\/www.quito.gob.ec\/wp-content\/uploads\/2024\/10\/Foto-SA-2024.webp 1280w\" sizes=\"(max-width: 1024px) 100vw, 1024px\" \/>\t\t\t\t\t\t\t\t\t\t\t\t\t\t\t<\/div>\n\t\t\t\t<\/div>\n\t\t\t\t\t<\/div>\n\t\t\t\t<\/div>\n\t\t<div class=\"elementor-element elementor-element-d6a4d22 e-flex e-con-boxed e-con e-parent\" data-id=\"d6a4d22\" data-element_type=\"container\">\n\t\t\t\t\t<div class=\"e-con-inner\">\n\t\t\t\t<div class=\"elementor-element elementor-element-f464394 elementor-widget-divider--view-line elementor-widget elementor-widget-divider\" data-id=\"f464394\" data-element_type=\"widget\" data-widget_type=\"divider.default\">\n\t\t\t\t<div class=\"elementor-widget-container\">\n\t\t\t\t\t\t\t<div class=\"elementor-divider\">\n\t\t\t<span class=\"elementor-divider-separator\">\n\t\t\t\t\t\t<\/span>\n\t\t<\/div>\n\t\t\t\t\t\t<\/div>\n\t\t\t\t<\/div>\n\t\t\t\t\t<\/div>\n\t\t\t\t<\/div>\n\t\t<div class=\"elementor-element elementor-element-e21332b e-flex e-con-boxed e-con e-parent\" data-id=\"e21332b\" data-element_type=\"container\">\n\t\t\t\t\t<div class=\"e-con-inner\">\n\t\t\t\t<div class=\"elementor-element elementor-element-e575ac9 elementor-widget elementor-widget-text-editor\" data-id=\"e575ac9\" data-element_type=\"widget\" data-widget_type=\"text-editor.default\">\n\t\t\t\t<div class=\"elementor-widget-container\">\n\t\t\t\t\t\t\t\t\t<p><strong>Pabel Mu\u00f1oz L\u00f3pez<\/strong> es un quite\u00f1o comprometido con su ciudad. Es candidato a PHD en Ciencias Sociales por la universidad de Buenos Aires Argentina, especialista en Sociolog\u00eda del Desarrollo. Fue dos veces asamble\u00edsta de la Provincia de Pichincha, presidente de la Comisi\u00f3n de R\u00e9gimen Econ\u00f3mico y Tributario en el periodo entre 2017 \u2013 2019, coordinador del grupo parlamentario por la Erradicaci\u00f3n de la Pobreza y cumplimiento de los Objetivos del Desarrollo Sostenible e integrante del grupo parlamentario por los Derechos de las Mujeres y del grupo parlamentario por la garant\u00eda de los Derechos de los Ni\u00f1os, Ni\u00f1as y Adolescentes, entre otros.<\/p><p><span style=\"background-color: var(--ast-global-color-5); color: var( --e-global-color-text ); font-style: inherit; font-weight: inherit;\">Ha participado en varios foros internacionales como ponente: Foro Pol\u00edtico de alto Nivel de las Naciones Unidas \u2013 EEUU; Foro Parlamentario Mundial sobre Desarrollo Sustentable \u2013 Indonesia; Encuentro con Parlamentarios por la Justicia Fiscal y contra Flujos Financieros Il\u00edcitos \u2013 Argentina.<\/span><\/p><p>Tambi\u00e9n ha publicado varios art\u00edculos acad\u00e9micos sobre el proceso pol\u00edtico e institucional del Ecuador: El Ecuador de la Revoluci\u00f3n Ciudadana. M\u00e1s pol\u00edtica nuevo Estado y mejores pol\u00edticas p\u00fablicas en la nueva econom\u00eda en la nueva Constituci\u00f3n del Ecuador. Del desmantelamiento a la recuperaci\u00f3n del Estado. En Construcci\u00f3n de un Estado democr\u00e1tico para el buen vivir.<\/p><p><strong>Redes sociales:<\/strong><\/p><p>\u00a0<img decoding=\"async\" class=\"alignnone wp-image-4245 lazyload\" data-src=\"https:\/\/www.quito.gob.ec\/wp-content\/uploads\/2024\/02\/MENU-RRSS-01.svg\" alt=\"\" width=\"32\" height=\"32\" src=\"data:image\/svg+xml;base64,PHN2ZyB3aWR0aD0iMSIgaGVpZ2h0PSIxIiB4bWxucz0iaHR0cDovL3d3dy53My5vcmcvMjAwMC9zdmciPjwvc3ZnPg==\" style=\"--smush-placeholder-width: 32px; --smush-placeholder-aspect-ratio: 32\/32;\" \/> <a href=\"https:\/\/www.facebook.com\/pabelml\">https:\/\/www.facebook.com\/pabelml<\/a><\/p><p>\u00a0<img decoding=\"async\" class=\"alignnone wp-image-4246 lazyload\" data-src=\"https:\/\/www.quito.gob.ec\/wp-content\/uploads\/2024\/02\/MENU-RRSS-02.svg\" alt=\"\" width=\"32\" height=\"32\" src=\"data:image\/svg+xml;base64,PHN2ZyB3aWR0aD0iMSIgaGVpZ2h0PSIxIiB4bWxucz0iaHR0cDovL3d3dy53My5vcmcvMjAwMC9zdmciPjwvc3ZnPg==\" style=\"--smush-placeholder-width: 32px; --smush-placeholder-aspect-ratio: 32\/32;\" \/> <a href=\"https:\/\/x.com\/pabelml\">https:\/\/x.com\/pabelml<\/a><\/p><p>\u00a0<img decoding=\"async\" class=\"alignnone wp-image-4247 lazyload\" data-src=\"https:\/\/www.quito.gob.ec\/wp-content\/uploads\/2024\/02\/MENU-RRSS-03.svg\" alt=\"\" width=\"32\" height=\"32\" src=\"data:image\/svg+xml;base64,PHN2ZyB3aWR0aD0iMSIgaGVpZ2h0PSIxIiB4bWxucz0iaHR0cDovL3d3dy53My5vcmcvMjAwMC9zdmciPjwvc3ZnPg==\" style=\"--smush-placeholder-width: 32px; --smush-placeholder-aspect-ratio: 32\/32;\" \/> <a href=\"https:\/\/www.instagram.com\/pabelml\/\">https:\/\/www.instagram.com\/pabelml\/<\/a><\/p><p>\u00a0<img decoding=\"async\" class=\"alignnone wp-image-4248 lazyload\" data-src=\"https:\/\/www.quito.gob.ec\/wp-content\/uploads\/2024\/02\/MENU-RRSS-04.svg\" alt=\"\" width=\"32\" height=\"32\" src=\"data:image\/svg+xml;base64,PHN2ZyB3aWR0aD0iMSIgaGVpZ2h0PSIxIiB4bWxucz0iaHR0cDovL3d3dy53My5vcmcvMjAwMC9zdmciPjwvc3ZnPg==\" style=\"--smush-placeholder-width: 32px; --smush-placeholder-aspect-ratio: 32\/32;\" \/> <a href=\"https:\/\/www.tiktok.com\/@pabelml\">https:\/\/www.tiktok.com\/@pabelml<\/a><\/p><p>\u00a0 <img decoding=\"async\" class=\"alignnone wp-image-5163 lazyload\" data-src=\"https:\/\/www.quito.gob.ec\/wp-content\/uploads\/2024\/02\/07_LINKEDIN.svg\" alt=\"\" width=\"29\" height=\"29\" src=\"data:image\/svg+xml;base64,PHN2ZyB3aWR0aD0iMSIgaGVpZ2h0PSIxIiB4bWxucz0iaHR0cDovL3d3dy53My5vcmcvMjAwMC9zdmciPjwvc3ZnPg==\" style=\"--smush-placeholder-width: 29px; --smush-placeholder-aspect-ratio: 29\/29;\" \/> <a href=\"https:\/\/www.linkedin.com\/in\/pabel-mu%C3%B1oz-l%C3%B3pez-94002877\/\">https:\/\/www.linkedin.com\/in\/pabel-mu\u00f1oz-l\u00f3pez-94002877\/<\/a><\/p><p>\u00a0<img decoding=\"async\" class=\"alignnone wp-image-9145 lazyload\" data-src=\"https:\/\/www.quito.gob.ec\/wp-content\/uploads\/2024\/10\/whatasapp.png\" alt=\"\" width=\"36\" height=\"36\" data-srcset=\"https:\/\/www.quito.gob.ec\/wp-content\/uploads\/2024\/10\/whatasapp.png 250w, https:\/\/www.quito.gob.ec\/wp-content\/uploads\/2024\/10\/whatasapp-150x150.png 150w\" data-sizes=\"(max-width: 36px) 100vw, 36px\" src=\"data:image\/svg+xml;base64,PHN2ZyB3aWR0aD0iMSIgaGVpZ2h0PSIxIiB4bWxucz0iaHR0cDovL3d3dy53My5vcmcvMjAwMC9zdmciPjwvc3ZnPg==\" style=\"--smush-placeholder-width: 36px; --smush-placeholder-aspect-ratio: 36\/36;\" \/><a href=\"https:\/\/www.whatsapp.com\/channel\/0029VaCwGOJ11ulKfBZW0I1z\">https:\/\/www.whatsapp.com\/channel\/0029VaCwGOJ11ulKfBZW0I1z<\/a><\/p>\t\t\t\t\t\t\t\t<\/div>\n\t\t\t\t<\/div>\n\t\t\t\t\t<\/div>\n\t\t\t\t<\/div>\n\t\t\t\t<\/div>\n\t\t","protected":false},"excerpt":{"rendered":"<p>ALCALDE DE QUITO Pabel Mu\u00f1oz L\u00f3pez es un quite\u00f1o comprometido con su ciudad. Es candidato a PHD en Ciencias Sociales [&hellip;]<\/p>\n","protected":false},"author":5,"featured_media":0,"parent":0,"menu_order":0,"comment_status":"closed","ping_status":"closed","template":"","meta":{"site-sidebar-layout":"no-sidebar","site-content-layout":"","ast-site-content-layout":"full-width-container","site-content-style":"default","site-sidebar-style":"default","ast-global-header-display":"","ast-banner-title-visibility":"","ast-main-header-display":"","ast-hfb-above-header-display":"","ast-hfb-below-header-display":"","ast-hfb-mobile-header-display":"","site-post-title":"disabled","ast-breadcrumbs-content":"","ast-featured-img":"disabled","footer-sml-layout":"","ast-disable-related-posts":"","theme-transparent-header-meta":"","adv-header-id-meta":"","stick-header-meta":"","header-above-stick-meta":"","header-main-stick-meta":"","header-below-stick-meta":"","astra-migrate-meta-layouts":"default","ast-page-background-enabled":"default","ast-page-background-meta":{"desktop":{"background-color":"var(--ast-global-color-4)","background-image":"","background-repeat":"repeat","background-position":"center center","background-size":"auto","background-attachment":"scroll","background-type":"","background-media":"","overlay-type":"","overlay-color":"","overlay-opacity":"","overlay-gradient":""},"tablet":{"background-color":"","background-image":"","background-repeat":"repeat","background-position":"center center","background-size":"auto","background-attachment":"scroll","background-type":"","background-media":"","overlay-type":"","overlay-color":"","overlay-opacity":"","overlay-gradient":""},"mobile":{"background-color":"","background-image":"","background-repeat":"repeat","background-position":"center center","background-size":"auto","background-attachment":"scroll","background-type":"","background-media":"","overlay-type":"","overlay-color":"","overlay-opacity":"","overlay-gradient":""}},"ast-content-background-meta":{"desktop":{"background-color":"var(--ast-global-color-5)","background-image":"","background-repeat":"repeat","background-position":"center center","background-size":"auto","background-attachment":"scroll","background-type":"","background-media":"","overlay-type":"","overlay-color":"","overlay-opacity":"","overlay-gradient":""},"tablet":{"background-color":"var(--ast-global-color-5)","background-image":"","background-repeat":"repeat","background-position":"center center","background-size":"auto","background-attachment":"scroll","background-type":"","background-media":"","overlay-type":"","overlay-color":"","overlay-opacity":"","overlay-gradient":""},"mobile":{"background-color":"var(--ast-global-color-5)","background-image":"","background-repeat":"repeat","background-position":"center center","background-size":"auto","background-attachment":"scroll","background-type":"","background-media":"","overlay-type":"","overlay-color":"","overlay-opacity":"","overlay-gradient":""}},"footnotes":""},"class_list":["post-122","page","type-page","status-publish","hentry"],"yoast_head":"<!-- This site is optimized with the Yoast SEO plugin v26.8 - https:\/\/yoast.com\/product\/yoast-seo-wordpress\/ -->\n<title>Alcalde de Quito - Municipio de Quito<\/title>\n<meta name=\"robots\" content=\"index, follow, max-snippet:-1, max-image-preview:large, max-video-preview:-1\" \/>\n<link rel=\"canonical\" href=\"https:\/\/www.quito.gob.ec\/?page_id=122\" \/>\n<meta property=\"og:locale\" content=\"es_ES\" \/>\n<meta property=\"og:type\" content=\"article\" \/>\n<meta property=\"og:title\" content=\"Alcalde de Quito - Municipio de Quito\" \/>\n<meta property=\"og:description\" content=\"ALCALDE DE QUITO Pabel Mu\u00f1oz L\u00f3pez es un quite\u00f1o comprometido con su ciudad. Es candidato a PHD en Ciencias Sociales [&hellip;]\" \/>\n<meta property=\"og:url\" content=\"https:\/\/www.quito.gob.ec\/?page_id=122\" \/>\n<meta property=\"og:site_name\" content=\"Municipio de Quito\" \/>\n<meta property=\"article:modified_time\" content=\"2024-10-29T20:32:40+00:00\" \/>\n<meta property=\"og:image\" content=\"https:\/\/www.quito.gob.ec\/wp-content\/uploads\/2024\/10\/Foto-SA-2024-1024x682.webp\" \/>\n<meta name=\"twitter:card\" content=\"summary_large_image\" \/>\n<meta name=\"twitter:label1\" content=\"Tiempo de lectura\" \/>\n\t<meta name=\"twitter:data1\" content=\"3 minutos\" \/>\n<script type=\"application\/ld+json\" class=\"yoast-schema-graph\">{\"@context\":\"https:\/\/schema.org\",\"@graph\":[{\"@type\":\"WebPage\",\"@id\":\"https:\/\/www.quito.gob.ec\/?page_id=122\",\"url\":\"https:\/\/www.quito.gob.ec\/?page_id=122\",\"name\":\"Alcalde de Quito - Municipio de Quito\",\"isPartOf\":{\"@id\":\"https:\/\/www.quito.gob.ec\/#website\"},\"primaryImageOfPage\":{\"@id\":\"https:\/\/www.quito.gob.ec\/?page_id=122#primaryimage\"},\"image\":{\"@id\":\"https:\/\/www.quito.gob.ec\/?page_id=122#primaryimage\"},\"thumbnailUrl\":\"https:\/\/www.quito.gob.ec\/wp-content\/uploads\/2024\/10\/Foto-SA-2024-1024x682.webp\",\"datePublished\":\"2024-01-24T14:31:44+00:00\",\"dateModified\":\"2024-10-29T20:32:40+00:00\",\"breadcrumb\":{\"@id\":\"https:\/\/www.quito.gob.ec\/?page_id=122#breadcrumb\"},\"inLanguage\":\"es\",\"potentialAction\":[{\"@type\":\"ReadAction\",\"target\":[\"https:\/\/www.quito.gob.ec\/?page_id=122\"]}]},{\"@type\":\"ImageObject\",\"inLanguage\":\"es\",\"@id\":\"https:\/\/www.quito.gob.ec\/?page_id=122#primaryimage\",\"url\":\"https:\/\/www.quito.gob.ec\/wp-content\/uploads\/2024\/10\/Foto-SA-2024.webp\",\"contentUrl\":\"https:\/\/www.quito.gob.ec\/wp-content\/uploads\/2024\/10\/Foto-SA-2024.webp\",\"width\":1280,\"height\":853},{\"@type\":\"BreadcrumbList\",\"@id\":\"https:\/\/www.quito.gob.ec\/?page_id=122#breadcrumb\",\"itemListElement\":[{\"@type\":\"ListItem\",\"position\":1,\"name\":\"Portada\",\"item\":\"https:\/\/www.quito.gob.ec\/\"},{\"@type\":\"ListItem\",\"position\":2,\"name\":\"Alcalde de Quito\"}]},{\"@type\":\"WebSite\",\"@id\":\"https:\/\/www.quito.gob.ec\/#website\",\"url\":\"https:\/\/www.quito.gob.ec\/\",\"name\":\"Municipio de Quito\",\"description\":\"\",\"publisher\":{\"@id\":\"https:\/\/www.quito.gob.ec\/#organization\"},\"potentialAction\":[{\"@type\":\"SearchAction\",\"target\":{\"@type\":\"EntryPoint\",\"urlTemplate\":\"https:\/\/www.quito.gob.ec\/?s={search_term_string}\"},\"query-input\":{\"@type\":\"PropertyValueSpecification\",\"valueRequired\":true,\"valueName\":\"search_term_string\"}}],\"inLanguage\":\"es\"},{\"@type\":\"Organization\",\"@id\":\"https:\/\/www.quito.gob.ec\/#organization\",\"name\":\"Municipio de Quito\",\"url\":\"https:\/\/www.quito.gob.ec\/\",\"logo\":{\"@type\":\"ImageObject\",\"inLanguage\":\"es\",\"@id\":\"https:\/\/www.quito.gob.ec\/#\/schema\/logo\/image\/\",\"url\":\"https:\/\/www.quito.gob.ec\/wp-content\/uploads\/2024\/01\/LOGO_ALCALDIA_QUITO-23.svg\",\"contentUrl\":\"https:\/\/www.quito.gob.ec\/wp-content\/uploads\/2024\/01\/LOGO_ALCALDIA_QUITO-23.svg\",\"caption\":\"Municipio de Quito\"},\"image\":{\"@id\":\"https:\/\/www.quito.gob.ec\/#\/schema\/logo\/image\/\"}}]}<\/script>\n<!-- \/ Yoast SEO plugin. -->","yoast_head_json":{"title":"Alcalde de Quito - Municipio de Quito","robots":{"index":"index","follow":"follow","max-snippet":"max-snippet:-1","max-image-preview":"max-image-preview:large","max-video-preview":"max-video-preview:-1"},"canonical":"https:\/\/www.quito.gob.ec\/?page_id=122","og_locale":"es_ES","og_type":"article","og_title":"Alcalde de Quito - Municipio de Quito","og_description":"ALCALDE DE QUITO Pabel Mu\u00f1oz L\u00f3pez es un quite\u00f1o comprometido con su ciudad. Es candidato a PHD en Ciencias Sociales [&hellip;]","og_url":"https:\/\/www.quito.gob.ec\/?page_id=122","og_site_name":"Municipio de Quito","article_modified_time":"2024-10-29T20:32:40+00:00","og_image":[{"url":"https:\/\/www.quito.gob.ec\/wp-content\/uploads\/2024\/10\/Foto-SA-2024-1024x682.webp","type":"","width":"","height":""}],"twitter_card":"summary_large_image","twitter_misc":{"Tiempo de lectura":"3 minutos"},"schema":{"@context":"https:\/\/schema.org","@graph":[{"@type":"WebPage","@id":"https:\/\/www.quito.gob.ec\/?page_id=122","url":"https:\/\/www.quito.gob.ec\/?page_id=122","name":"Alcalde de Quito - Municipio de Quito","isPartOf":{"@id":"https:\/\/www.quito.gob.ec\/#website"},"primaryImageOfPage":{"@id":"https:\/\/www.quito.gob.ec\/?page_id=122#primaryimage"},"image":{"@id":"https:\/\/www.quito.gob.ec\/?page_id=122#primaryimage"},"thumbnailUrl":"https:\/\/www.quito.gob.ec\/wp-content\/uploads\/2024\/10\/Foto-SA-2024-1024x682.webp","datePublished":"2024-01-24T14:31:44+00:00","dateModified":"2024-10-29T20:32:40+00:00","breadcrumb":{"@id":"https:\/\/www.quito.gob.ec\/?page_id=122#breadcrumb"},"inLanguage":"es","potentialAction":[{"@type":"ReadAction","target":["https:\/\/www.quito.gob.ec\/?page_id=122"]}]},{"@type":"ImageObject","inLanguage":"es","@id":"https:\/\/www.quito.gob.ec\/?page_id=122#primaryimage","url":"https:\/\/www.quito.gob.ec\/wp-content\/uploads\/2024\/10\/Foto-SA-2024.webp","contentUrl":"https:\/\/www.quito.gob.ec\/wp-content\/uploads\/2024\/10\/Foto-SA-2024.webp","width":1280,"height":853},{"@type":"BreadcrumbList","@id":"https:\/\/www.quito.gob.ec\/?page_id=122#breadcrumb","itemListElement":[{"@type":"ListItem","position":1,"name":"Portada","item":"https:\/\/www.quito.gob.ec\/"},{"@type":"ListItem","position":2,"name":"Alcalde de Quito"}]},{"@type":"WebSite","@id":"https:\/\/www.quito.gob.ec\/#website","url":"https:\/\/www.quito.gob.ec\/","name":"Municipio de Quito","description":"","publisher":{"@id":"https:\/\/www.quito.gob.ec\/#organization"},"potentialAction":[{"@type":"SearchAction","target":{"@type":"EntryPoint","urlTemplate":"https:\/\/www.quito.gob.ec\/?s={search_term_string}"},"query-input":{"@type":"PropertyValueSpecification","valueRequired":true,"valueName":"search_term_string"}}],"inLanguage":"es"},{"@type":"Organization","@id":"https:\/\/www.quito.gob.ec\/#organization","name":"Municipio de Quito","url":"https:\/\/www.quito.gob.ec\/","logo":{"@type":"ImageObject","inLanguage":"es","@id":"https:\/\/www.quito.gob.ec\/#\/schema\/logo\/image\/","url":"https:\/\/www.quito.gob.ec\/wp-content\/uploads\/2024\/01\/LOGO_ALCALDIA_QUITO-23.svg","contentUrl":"https:\/\/www.quito.gob.ec\/wp-content\/uploads\/2024\/01\/LOGO_ALCALDIA_QUITO-23.svg","caption":"Municipio de Quito"},"image":{"@id":"https:\/\/www.quito.gob.ec\/#\/schema\/logo\/image\/"}}]}},"_links":{"self":[{"href":"https:\/\/www.quito.gob.ec\/index.php?rest_route=\/wp\/v2\/pages\/122","targetHints":{"allow":["GET"]}}],"collection":[{"href":"https:\/\/www.quito.gob.ec\/index.php?rest_route=\/wp\/v2\/pages"}],"about":[{"href":"https:\/\/www.quito.gob.ec\/index.php?rest_route=\/wp\/v2\/types\/page"}],"author":[{"embeddable":true,"href":"https:\/\/www.quito.gob.ec\/index.php?rest_route=\/wp\/v2\/users\/5"}],"replies":[{"embeddable":true,"href":"https:\/\/www.quito.gob.ec\/index.php?rest_route=%2Fwp%2Fv2%2Fcomments&post=122"}],"version-history":[{"count":119,"href":"https:\/\/www.quito.gob.ec\/index.php?rest_route=\/wp\/v2\/pages\/122\/revisions"}],"predecessor-version":[{"id":9318,"href":"https:\/\/www.quito.gob.ec\/index.php?rest_route=\/wp\/v2\/pages\/122\/revisions\/9318"}],"wp:attachment":[{"href":"https:\/\/www.quito.gob.ec\/index.php?rest_route=%2Fwp%2Fv2%2Fmedia&parent=122"}],"curies":[{"name":"wp","href":"https:\/\/api.w.org\/{rel}","templated":true}]}}