{"id":12340,"date":"2025-10-14T19:54:41","date_gmt":"2025-10-15T00:54:41","guid":{"rendered":"https:\/\/www.quito.gob.ec\/?page_id=12340"},"modified":"2025-10-14T19:59:35","modified_gmt":"2025-10-15T00:59:35","slug":"convocatoria-condecoraciones-2025","status":"publish","type":"page","link":"https:\/\/www.quito.gob.ec\/?page_id=12340","title":{"rendered":"Convocatoria Condecoraciones 2025"},"content":{"rendered":"\t\t<div data-elementor-type=\"wp-page\" data-elementor-id=\"12340\" class=\"elementor elementor-12340\" data-elementor-post-type=\"page\">\n\t\t\t\t<div class=\"elementor-element elementor-element-26ce3b7 e-flex e-con-boxed e-con e-parent\" data-id=\"26ce3b7\" data-element_type=\"container\">\n\t\t\t\t\t<div class=\"e-con-inner\">\n\t\t\t\t<div class=\"elementor-element elementor-element-ecbac6a elementor-widget elementor-widget-shortcode\" data-id=\"ecbac6a\" data-element_type=\"widget\" data-widget_type=\"shortcode.default\">\n\t\t\t\t<div class=\"elementor-widget-container\">\n\t\t\t\t\t\t\t<div class=\"elementor-shortcode\">\t\t\t<!-- Flexy Breadcrumb -->\r\n\t\t\t<div class=\"fbc fbc-page\">\r\n\r\n\t\t\t\t<!-- Breadcrumb wrapper -->\r\n\t\t\t\t<div class=\"fbc-wrap\">\r\n\r\n\t\t\t\t\t<!-- Ordered list-->\r\n\t\t\t\t\t<ol class=\"fbc-items\" itemscope itemtype=\"https:\/\/schema.org\/BreadcrumbList\">\r\n\t\t\t\t\t\t            <li itemprop=\"itemListElement\" itemscope itemtype=\"https:\/\/schema.org\/ListItem\">\r\n                <span itemprop=\"name\">\r\n                    <!-- Home Link -->\r\n                    <a itemprop=\"item\" href=\"https:\/\/www.quito.gob.ec\">\r\n                    \r\n                                                    <i class=\"fa fa-home\" aria-hidden=\"true\"><\/i>Inicio                    <\/a>\r\n                <\/span>\r\n                <meta itemprop=\"position\" content=\"1\" \/><!-- Meta Position-->\r\n             <\/li><li><span class=\"fbc-separator\">\/<\/span><\/li><li class=\"active\" itemprop=\"itemListElement\" itemscope itemtype=\"https:\/\/schema.org\/ListItem\"><span itemprop=\"name\" title=\"Convocatoria Condecoraciones 2025\">Convocatoria Condecoraciones 2025<\/span><meta itemprop=\"position\" content=\"2\" \/><\/li>\t\t\t\t\t<\/ol>\r\n\t\t\t\t\t<div class=\"clearfix\"><\/div>\r\n\t\t\t\t<\/div>\r\n\t\t\t<\/div>\r\n\t\t\t<\/div>\n\t\t\t\t\t\t<\/div>\n\t\t\t\t<\/div>\n\t\t\t\t\t<\/div>\n\t\t\t\t<\/div>\n\t\t<div class=\"elementor-element elementor-element-e9e90f6 e-flex e-con-boxed e-con e-parent\" data-id=\"e9e90f6\" data-element_type=\"container\">\n\t\t\t\t\t<div class=\"e-con-inner\">\n\t\t\t\t<div class=\"elementor-element elementor-element-5bb453a elementor-widget-divider--view-line elementor-widget elementor-widget-divider\" data-id=\"5bb453a\" data-element_type=\"widget\" data-widget_type=\"divider.default\">\n\t\t\t\t<div class=\"elementor-widget-container\">\n\t\t\t\t\t\t\t<div class=\"elementor-divider\">\n\t\t\t<span class=\"elementor-divider-separator\">\n\t\t\t\t\t\t<\/span>\n\t\t<\/div>\n\t\t\t\t\t\t<\/div>\n\t\t\t\t<\/div>\n\t\t<div class=\"elementor-element elementor-element-1ca6c75 e-flex e-con-boxed e-con e-child\" data-id=\"1ca6c75\" data-element_type=\"container\">\n\t\t\t\t\t<div class=\"e-con-inner\">\n\t\t\t\t<div class=\"elementor-element elementor-element-780bb87 elementor-widget-laptop__width-initial elementor-widget elementor-widget-heading\" data-id=\"780bb87\" data-element_type=\"widget\" data-widget_type=\"heading.default\">\n\t\t\t\t<div class=\"elementor-widget-container\">\n\t\t\t\t\t<h5 class=\"elementor-heading-title elementor-size-default\">CONVOCATORIA<\/h5>\t\t\t\t<\/div>\n\t\t\t\t<\/div>\n\t\t\t\t\t<\/div>\n\t\t\t\t<\/div>\n\t\t\t\t<div class=\"elementor-element elementor-element-eca3ad1 elementor-widget-divider--view-line elementor-widget elementor-widget-divider\" data-id=\"eca3ad1\" data-element_type=\"widget\" data-widget_type=\"divider.default\">\n\t\t\t\t<div class=\"elementor-widget-container\">\n\t\t\t\t\t\t\t<div class=\"elementor-divider\">\n\t\t\t<span class=\"elementor-divider-separator\">\n\t\t\t\t\t\t<\/span>\n\t\t<\/div>\n\t\t\t\t\t\t<\/div>\n\t\t\t\t<\/div>\n\t\t\t\t\t<\/div>\n\t\t\t\t<\/div>\n\t\t<div class=\"elementor-element elementor-element-7b6d73c e-flex e-con-boxed e-con e-parent\" data-id=\"7b6d73c\" data-element_type=\"container\">\n\t\t\t\t\t<div class=\"e-con-inner\">\n\t\t\t\t<div class=\"elementor-element elementor-element-1b52e60 elementor-widget elementor-widget-text-editor\" data-id=\"1b52e60\" data-element_type=\"widget\" data-widget_type=\"text-editor.default\">\n\t\t\t\t<div class=\"elementor-widget-container\">\n\t\t\t\t\t\t\t\t\t<p style=\"text-align: justify;\">En mi calidad de Alcalde Metropolitano de Quito, de conformidad con lo establecido en el C\u00f3digo Municipal, T\u00edtulo VII, Cap\u00edtulo I, art\u00edculo 695 y siguientes, referente a las condecoraciones, premios y reconocimientos y en atenci\u00f3n a la Resoluci\u00f3n adoptada por la Comisi\u00f3n de Mesa, en sesi\u00f3n realizada el d\u00eda lunes 13 de octubre de 2025, me permito convocar a las personas naturales o jur\u00eddicas, nacionales o extranjeras, residentes en el Distrito Metropolitano de Quito, a presentar postulaciones para las condecoraciones que otorga el Concejo Metropolitano de Quito, con motivo de la conmemoraci\u00f3n de la Fundaci\u00f3n Espa\u00f1ola de San Francisco de Quito, el 6 de diciembre.<\/p><p style=\"text-align: justify;\">Se podr\u00e1 presentar postulaciones para las siguientes condecoraciones, premios y reconocimientos:<\/p><p style=\"text-align: justify;\"><strong>Condecoraci\u00f3n Gran Collar \u201cRumi\u00f1ahui\u201d: <\/strong><\/p><p style=\"text-align: justify;\">Es la m\u00e1s alta distinci\u00f3n que otorga el Municipio del Distrito Metropolitano de Quito y esta\u0301 destinada exclusivamente a Jefes de Estado, Jefes de Gobierno y a eximias personalidades nacionales o extranjeras que se hayan destacado por su servicio a la humanidad.<\/p><p style=\"text-align: justify;\"><strong>Condecoraci\u00f3n Gran Collar \u201cSan Francisco de Quito\u201d: <\/strong><\/p><p style=\"text-align: justify;\">Destinada a personalidades o instituciones de gran relieve que se hayan destacado por alguna acci\u00f3n que trascienda en la comunidad local, nacional o internacional.<\/p><p style=\"text-align: justify;\"><strong>Condecoraci\u00f3n Gran Collar \u00abSebasti\u00e1n de Benalc\u00e1zar\u00bb: <\/strong><\/p><p style=\"text-align: justify;\">Destinada a ministros y secretarios de Estado, embajadores y en general, titulares y vocales de las Funciones del Estado determinadas en la Constituci\u00f3n de la Rep\u00fablica o personalidades de similar rango que hayan prestado relevantes servicios a la ciudad.<\/p><p style=\"text-align: justify;\"><strong>Condecoraci\u00f3n Gran Collar \u201cLuis H\u00e9ctor Chislain de Carondelet y Bar\u00f3n De Carondelet\u201d: <\/strong><\/p><p style=\"text-align: justify;\">Destinada a personalidades extranjeras que se hayan destacado por sus actividades en beneficio de la ciudad de Quito.<\/p><p style=\"text-align: justify;\"><strong>Condecoraci\u00f3n al M\u00e9rito Deportivo \u201cCiudad de Quito\u201d: <\/strong><\/p><p style=\"text-align: justify;\">Destinado al deportista ecuatoriano que se hubiere destacado de manera excepcional en cualquier disciplina deportiva durante el a\u00f1o, sea en el \u00e1mbito nacional o internacional.<\/p><p style=\"text-align: justify;\"><strong>\u201cCondecoraci\u00f3n \u201cMar\u00eda Ver\u00f3nica Cordovez\u201d: <\/strong><\/p><p style=\"text-align: justify;\">Destinada a entidades o personas que, con su capacidad, esfuerzo e iniciativa, hayan cumplido una labor preponderante en beneficio de la seguridad de los habitantes del Distrito Metropolitano de Quito.<\/p><p style=\"text-align: justify;\"><strong>Condecoraci\u00f3n \u201cFederico Gonz\u00e1lez Su\u00e1rez\u201d: <\/strong><\/p><p style=\"text-align: justify;\">Destinada a personalidades destacadas del mundo acad\u00e9mico.<\/p><p style=\"text-align: justify;\"><strong>Condecoraci\u00f3n \u201cEugenio Espejo\u201d: <\/strong><\/p><p style=\"text-align: justify;\">Destinada a personalidades en las ciencias biol\u00f3gicas y naturales.<\/p><p style=\"text-align: justify;\"><strong>Condecoraci\u00f3n \u201cJos\u00e9\u0301 Gualberto P\u00e9rez\u201d: <\/strong><\/p><p style=\"text-align: justify;\">Destinada a personalidades destacadas en las ciencias f\u00edsicas y exactas.<\/p><p style=\"text-align: justify;\"><strong>Condecoraci\u00f3n \u201cAntonio Quevedo\u201d: <\/strong><\/p><p style=\"text-align: justify;\">Destinada a personalidades destacadas en la pol\u00edtica internacional.<\/p><p style=\"text-align: justify;\"><strong>Condecoraci\u00f3n \u201cAurelio Espinosa P\u00f3lit\u201d: <\/strong><\/p><p style=\"text-align: justify;\">Destinada a personalidades destacadas en el mundo de la literatura.<\/p><p style=\"text-align: justify;\"><strong>Condecoraci\u00f3n \u201cManuela Ca\u00f1izares\u201d: <\/strong><\/p><p style=\"text-align: justify;\">Destinada a personalidades que se hayan destacado en la defensa de los derechos humanos.<\/p><p style=\"text-align: justify;\"><strong>Condecoraci\u00f3n \u201cOswaldo Guayasam\u00edn\u201d: <\/strong><\/p><p style=\"text-align: justify;\">Destinada a personalidades destacadas en las artes pl\u00e1sticas.<\/p><p style=\"text-align: justify;\"><strong>Condecoraci\u00f3n \u201cJonat\u00e1s S\u00e1enz\u201d: <\/strong><\/p><p style=\"text-align: justify;\">Destinada a personalidades que hayan destacado en la promoci\u00f3n y defensa de la inclusi\u00f3n social.<\/p><p style=\"text-align: justify;\"><strong>Condecoraci\u00f3n \u201cCarlos Mont\u00fafar\u201d: <\/strong><\/p><p style=\"text-align: justify;\">Destinada a funcionarios municipales, de sus empresas y administraciones, que hayan desarrollado una labor excepcional en beneficio de la ciudad.<\/p><p style=\"text-align: justify;\"><strong>Condecoraci\u00f3n \u201cPedro Pablo Traversari\u201d: <\/strong><\/p><p style=\"text-align: justify;\">Destinada a personalidades del mundo de las artes musicales.<\/p><p style=\"text-align: justify;\"><strong>Indicaciones para postulaciones: <\/strong><\/p><p style=\"text-align: justify;\">Las postulaciones deber\u00e1n entregarse en una carpeta que contenga lo siguiente: una carta motivada con indicaci\u00f3n de la persona natural o jur\u00eddica a la que postulan, la condecoraci\u00f3n a la que se aplica y los motivos que justifican la postulaci\u00f3n. Deber\u00e1 adjuntarse la hoja de vida, 3 testimonios de la labor realizada (certificados, cartas de apoyo, certificaciones sobre premios, reconocimientos, publicaciones, etc.), o cualquier otro documento que acredite a la persona natural o jur\u00eddica a la que se postula, hasta el 12 de noviembre de 2025, a las 23:59, en la ventanilla documental de la Secretar\u00eda General del Concejo Metropolitano de Quito, ubicada en el primer piso del Palacio Municipal, calles Venezuela y Chile, o en el Sistema de Tr\u00e1mite en L\u00ednea del Municipio de Quito, o al correo: <a href=\"mailto:concejo_metropolitano@quito.gob.ec\"><strong>concejo_metropolitano@quito.gob.ec<\/strong><\/a><\/p><p>\u00a0<\/p><p style=\"text-align: center;\">Atentamente,<\/p><p>\u00a0<\/p><p style=\"text-align: center;\">Pabel Mu\u00f1oz L\u00f3pez<\/p><p style=\"text-align: center;\"><strong>ALCALDE DEL DISTRITO METROPOLITANO DE QUITO<\/strong><\/p>\t\t\t\t\t\t\t\t<\/div>\n\t\t\t\t<\/div>\n\t\t\t\t\t<\/div>\n\t\t\t\t<\/div>\n\t\t\t\t<\/div>\n\t\t","protected":false},"excerpt":{"rendered":"<p>CONVOCATORIA En mi calidad de Alcalde Metropolitano de Quito, de conformidad con lo establecido en el C\u00f3digo Municipal, T\u00edtulo VII, [&hellip;]<\/p>\n","protected":false},"author":7,"featured_media":0,"parent":0,"menu_order":0,"comment_status":"closed","ping_status":"closed","template":"","meta":{"site-sidebar-layout":"no-sidebar","site-content-layout":"","ast-site-content-layout":"full-width-container","site-content-style":"default","site-sidebar-style":"default","ast-global-header-display":"","ast-banner-title-visibility":"","ast-main-header-display":"","ast-hfb-above-header-display":"","ast-hfb-below-header-display":"","ast-hfb-mobile-header-display":"","site-post-title":"disabled","ast-breadcrumbs-content":"","ast-featured-img":"disabled","footer-sml-layout":"","ast-disable-related-posts":"","theme-transparent-header-meta":"","adv-header-id-meta":"","stick-header-meta":"","header-above-stick-meta":"","header-main-stick-meta":"","header-below-stick-meta":"","astra-migrate-meta-layouts":"default","ast-page-background-enabled":"default","ast-page-background-meta":{"desktop":{"background-color":"var(--ast-global-color-4)","background-image":"","background-repeat":"repeat","background-position":"center center","background-size":"auto","background-attachment":"scroll","background-type":"","background-media":"","overlay-type":"","overlay-color":"","overlay-opacity":"","overlay-gradient":""},"tablet":{"background-color":"","background-image":"","background-repeat":"repeat","background-position":"center center","background-size":"auto","background-attachment":"scroll","background-type":"","background-media":"","overlay-type":"","overlay-color":"","overlay-opacity":"","overlay-gradient":""},"mobile":{"background-color":"","background-image":"","background-repeat":"repeat","background-position":"center center","background-size":"auto","background-attachment":"scroll","background-type":"","background-media":"","overlay-type":"","overlay-color":"","overlay-opacity":"","overlay-gradient":""}},"ast-content-background-meta":{"desktop":{"background-color":"var(--ast-global-color-5)","background-image":"","background-repeat":"repeat","background-position":"center center","background-size":"auto","background-attachment":"scroll","background-type":"","background-media":"","overlay-type":"","overlay-color":"","overlay-opacity":"","overlay-gradient":""},"tablet":{"background-color":"var(--ast-global-color-5)","background-image":"","background-repeat":"repeat","background-position":"center center","background-size":"auto","background-attachment":"scroll","background-type":"","background-media":"","overlay-type":"","overlay-color":"","overlay-opacity":"","overlay-gradient":""},"mobile":{"background-color":"var(--ast-global-color-5)","background-image":"","background-repeat":"repeat","background-position":"center center","background-size":"auto","background-attachment":"scroll","background-type":"","background-media":"","overlay-type":"","overlay-color":"","overlay-opacity":"","overlay-gradient":""}},"footnotes":""},"class_list":["post-12340","page","type-page","status-publish","hentry"],"yoast_head":"<!-- This site is optimized with the Yoast SEO plugin v26.8 - https:\/\/yoast.com\/product\/yoast-seo-wordpress\/ -->\n<title>Convocatoria Condecoraciones 2025 - Municipio de Quito<\/title>\n<meta name=\"robots\" content=\"index, follow, max-snippet:-1, max-image-preview:large, max-video-preview:-1\" \/>\n<link rel=\"canonical\" href=\"https:\/\/www.quito.gob.ec\/?page_id=12340\" \/>\n<meta property=\"og:locale\" content=\"es_ES\" \/>\n<meta property=\"og:type\" content=\"article\" \/>\n<meta property=\"og:title\" content=\"Convocatoria Condecoraciones 2025 - Municipio de Quito\" \/>\n<meta property=\"og:description\" content=\"CONVOCATORIA En mi calidad de Alcalde Metropolitano de Quito, de conformidad con lo establecido en el C\u00f3digo Municipal, T\u00edtulo VII, [&hellip;]\" \/>\n<meta property=\"og:url\" content=\"https:\/\/www.quito.gob.ec\/?page_id=12340\" \/>\n<meta property=\"og:site_name\" content=\"Municipio de Quito\" \/>\n<meta property=\"article:modified_time\" content=\"2025-10-15T00:59:35+00:00\" \/>\n<meta name=\"twitter:card\" content=\"summary_large_image\" \/>\n<meta name=\"twitter:label1\" content=\"Tiempo de lectura\" \/>\n\t<meta name=\"twitter:data1\" content=\"3 minutos\" \/>\n<script type=\"application\/ld+json\" class=\"yoast-schema-graph\">{\"@context\":\"https:\/\/schema.org\",\"@graph\":[{\"@type\":\"WebPage\",\"@id\":\"https:\/\/www.quito.gob.ec\/?page_id=12340\",\"url\":\"https:\/\/www.quito.gob.ec\/?page_id=12340\",\"name\":\"Convocatoria Condecoraciones 2025 - Municipio de Quito\",\"isPartOf\":{\"@id\":\"https:\/\/www.quito.gob.ec\/#website\"},\"datePublished\":\"2025-10-15T00:54:41+00:00\",\"dateModified\":\"2025-10-15T00:59:35+00:00\",\"breadcrumb\":{\"@id\":\"https:\/\/www.quito.gob.ec\/?page_id=12340#breadcrumb\"},\"inLanguage\":\"es\",\"potentialAction\":[{\"@type\":\"ReadAction\",\"target\":[\"https:\/\/www.quito.gob.ec\/?page_id=12340\"]}]},{\"@type\":\"BreadcrumbList\",\"@id\":\"https:\/\/www.quito.gob.ec\/?page_id=12340#breadcrumb\",\"itemListElement\":[{\"@type\":\"ListItem\",\"position\":1,\"name\":\"Portada\",\"item\":\"https:\/\/www.quito.gob.ec\/\"},{\"@type\":\"ListItem\",\"position\":2,\"name\":\"Convocatoria Condecoraciones 2025\"}]},{\"@type\":\"WebSite\",\"@id\":\"https:\/\/www.quito.gob.ec\/#website\",\"url\":\"https:\/\/www.quito.gob.ec\/\",\"name\":\"Municipio de Quito\",\"description\":\"\",\"publisher\":{\"@id\":\"https:\/\/www.quito.gob.ec\/#organization\"},\"potentialAction\":[{\"@type\":\"SearchAction\",\"target\":{\"@type\":\"EntryPoint\",\"urlTemplate\":\"https:\/\/www.quito.gob.ec\/?s={search_term_string}\"},\"query-input\":{\"@type\":\"PropertyValueSpecification\",\"valueRequired\":true,\"valueName\":\"search_term_string\"}}],\"inLanguage\":\"es\"},{\"@type\":\"Organization\",\"@id\":\"https:\/\/www.quito.gob.ec\/#organization\",\"name\":\"Municipio de Quito\",\"url\":\"https:\/\/www.quito.gob.ec\/\",\"logo\":{\"@type\":\"ImageObject\",\"inLanguage\":\"es\",\"@id\":\"https:\/\/www.quito.gob.ec\/#\/schema\/logo\/image\/\",\"url\":\"https:\/\/www.quito.gob.ec\/wp-content\/uploads\/2024\/01\/LOGO_ALCALDIA_QUITO-23.svg\",\"contentUrl\":\"https:\/\/www.quito.gob.ec\/wp-content\/uploads\/2024\/01\/LOGO_ALCALDIA_QUITO-23.svg\",\"caption\":\"Municipio de Quito\"},\"image\":{\"@id\":\"https:\/\/www.quito.gob.ec\/#\/schema\/logo\/image\/\"}}]}<\/script>\n<!-- \/ Yoast SEO plugin. -->","yoast_head_json":{"title":"Convocatoria Condecoraciones 2025 - Municipio de Quito","robots":{"index":"index","follow":"follow","max-snippet":"max-snippet:-1","max-image-preview":"max-image-preview:large","max-video-preview":"max-video-preview:-1"},"canonical":"https:\/\/www.quito.gob.ec\/?page_id=12340","og_locale":"es_ES","og_type":"article","og_title":"Convocatoria Condecoraciones 2025 - Municipio de Quito","og_description":"CONVOCATORIA En mi calidad de Alcalde Metropolitano de Quito, de conformidad con lo establecido en el C\u00f3digo Municipal, T\u00edtulo VII, [&hellip;]","og_url":"https:\/\/www.quito.gob.ec\/?page_id=12340","og_site_name":"Municipio de Quito","article_modified_time":"2025-10-15T00:59:35+00:00","twitter_card":"summary_large_image","twitter_misc":{"Tiempo de lectura":"3 minutos"},"schema":{"@context":"https:\/\/schema.org","@graph":[{"@type":"WebPage","@id":"https:\/\/www.quito.gob.ec\/?page_id=12340","url":"https:\/\/www.quito.gob.ec\/?page_id=12340","name":"Convocatoria Condecoraciones 2025 - Municipio de Quito","isPartOf":{"@id":"https:\/\/www.quito.gob.ec\/#website"},"datePublished":"2025-10-15T00:54:41+00:00","dateModified":"2025-10-15T00:59:35+00:00","breadcrumb":{"@id":"https:\/\/www.quito.gob.ec\/?page_id=12340#breadcrumb"},"inLanguage":"es","potentialAction":[{"@type":"ReadAction","target":["https:\/\/www.quito.gob.ec\/?page_id=12340"]}]},{"@type":"BreadcrumbList","@id":"https:\/\/www.quito.gob.ec\/?page_id=12340#breadcrumb","itemListElement":[{"@type":"ListItem","position":1,"name":"Portada","item":"https:\/\/www.quito.gob.ec\/"},{"@type":"ListItem","position":2,"name":"Convocatoria Condecoraciones 2025"}]},{"@type":"WebSite","@id":"https:\/\/www.quito.gob.ec\/#website","url":"https:\/\/www.quito.gob.ec\/","name":"Municipio de Quito","description":"","publisher":{"@id":"https:\/\/www.quito.gob.ec\/#organization"},"potentialAction":[{"@type":"SearchAction","target":{"@type":"EntryPoint","urlTemplate":"https:\/\/www.quito.gob.ec\/?s={search_term_string}"},"query-input":{"@type":"PropertyValueSpecification","valueRequired":true,"valueName":"search_term_string"}}],"inLanguage":"es"},{"@type":"Organization","@id":"https:\/\/www.quito.gob.ec\/#organization","name":"Municipio de Quito","url":"https:\/\/www.quito.gob.ec\/","logo":{"@type":"ImageObject","inLanguage":"es","@id":"https:\/\/www.quito.gob.ec\/#\/schema\/logo\/image\/","url":"https:\/\/www.quito.gob.ec\/wp-content\/uploads\/2024\/01\/LOGO_ALCALDIA_QUITO-23.svg","contentUrl":"https:\/\/www.quito.gob.ec\/wp-content\/uploads\/2024\/01\/LOGO_ALCALDIA_QUITO-23.svg","caption":"Municipio de Quito"},"image":{"@id":"https:\/\/www.quito.gob.ec\/#\/schema\/logo\/image\/"}}]}},"_links":{"self":[{"href":"https:\/\/www.quito.gob.ec\/index.php?rest_route=\/wp\/v2\/pages\/12340","targetHints":{"allow":["GET"]}}],"collection":[{"href":"https:\/\/www.quito.gob.ec\/index.php?rest_route=\/wp\/v2\/pages"}],"about":[{"href":"https:\/\/www.quito.gob.ec\/index.php?rest_route=\/wp\/v2\/types\/page"}],"author":[{"embeddable":true,"href":"https:\/\/www.quito.gob.ec\/index.php?rest_route=\/wp\/v2\/users\/7"}],"replies":[{"embeddable":true,"href":"https:\/\/www.quito.gob.ec\/index.php?rest_route=%2Fwp%2Fv2%2Fcomments&post=12340"}],"version-history":[{"count":7,"href":"https:\/\/www.quito.gob.ec\/index.php?rest_route=\/wp\/v2\/pages\/12340\/revisions"}],"predecessor-version":[{"id":12347,"href":"https:\/\/www.quito.gob.ec\/index.php?rest_route=\/wp\/v2\/pages\/12340\/revisions\/12347"}],"wp:attachment":[{"href":"https:\/\/www.quito.gob.ec\/index.php?rest_route=%2Fwp%2Fv2%2Fmedia&parent=12340"}],"curies":[{"name":"wp","href":"https:\/\/api.w.org\/{rel}","templated":true}]}}