{"id":2488,"date":"2024-02-15T11:32:42","date_gmt":"2024-02-15T16:32:42","guid":{"rendered":"https:\/\/www.quito.gob.ec\/?page_id=2488"},"modified":"2025-05-29T09:48:30","modified_gmt":"2025-05-29T14:48:30","slug":"cultura-2","status":"publish","type":"page","link":"https:\/\/www.quito.gob.ec\/?page_id=2488","title":{"rendered":"Cultura"},"content":{"rendered":"\t\t<div data-elementor-type=\"wp-page\" data-elementor-id=\"2488\" class=\"elementor elementor-2488\" data-elementor-post-type=\"page\">\n\t\t\t\t<div class=\"elementor-element elementor-element-533fd22 e-flex e-con-boxed e-con e-parent\" data-id=\"533fd22\" data-element_type=\"container\">\n\t\t\t\t\t<div class=\"e-con-inner\">\n\t\t\t\t<div class=\"elementor-element elementor-element-6b9d0b9 elementor-widget elementor-widget-shortcode\" data-id=\"6b9d0b9\" data-element_type=\"widget\" data-widget_type=\"shortcode.default\">\n\t\t\t\t<div class=\"elementor-widget-container\">\n\t\t\t\t\t\t\t<div class=\"elementor-shortcode\">\t\t\t<!-- Flexy Breadcrumb -->\r\n\t\t\t<div class=\"fbc fbc-page\">\r\n\r\n\t\t\t\t<!-- Breadcrumb wrapper -->\r\n\t\t\t\t<div class=\"fbc-wrap\">\r\n\r\n\t\t\t\t\t<!-- Ordered list-->\r\n\t\t\t\t\t<ol class=\"fbc-items\" itemscope itemtype=\"https:\/\/schema.org\/BreadcrumbList\">\r\n\t\t\t\t\t\t            <li itemprop=\"itemListElement\" itemscope itemtype=\"https:\/\/schema.org\/ListItem\">\r\n                <span itemprop=\"name\">\r\n                    <!-- Home Link -->\r\n                    <a itemprop=\"item\" href=\"https:\/\/www.quito.gob.ec\">\r\n                    \r\n                                                    <i class=\"fa fa-home\" aria-hidden=\"true\"><\/i>Inicio                    <\/a>\r\n                <\/span>\r\n                <meta itemprop=\"position\" content=\"1\" \/><!-- Meta Position-->\r\n             <\/li><li><span class=\"fbc-separator\">\/<\/span><\/li><li class=\"active\" itemprop=\"itemListElement\" itemscope itemtype=\"https:\/\/schema.org\/ListItem\"><span itemprop=\"name\" title=\"Cultura\">Cultura<\/span><meta itemprop=\"position\" content=\"2\" \/><\/li>\t\t\t\t\t<\/ol>\r\n\t\t\t\t\t<div class=\"clearfix\"><\/div>\r\n\t\t\t\t<\/div>\r\n\t\t\t<\/div>\r\n\t\t\t<\/div>\n\t\t\t\t\t\t<\/div>\n\t\t\t\t<\/div>\n\t\t\t\t\t<\/div>\n\t\t\t\t<\/div>\n\t\t<div class=\"elementor-element elementor-element-49f0a3a e-flex e-con-boxed e-con e-parent\" data-id=\"49f0a3a\" data-element_type=\"container\">\n\t\t\t\t\t<div class=\"e-con-inner\">\n\t\t\t\t<div class=\"elementor-element elementor-element-275b2a8 elementor-widget elementor-widget-text-editor\" data-id=\"275b2a8\" data-element_type=\"widget\" data-widget_type=\"text-editor.default\">\n\t\t\t\t<div class=\"elementor-widget-container\">\n\t\t\t\t\t\t\t\t\t<h4><img decoding=\"async\" class=\"alignnone wp-image-1933 lazyload\" data-src=\"https:\/\/www.quito.gob.ec\/wp-content\/uploads\/2024\/02\/CULTURA.png\" alt=\"\" width=\"76\" height=\"76\" src=\"data:image\/svg+xml;base64,PHN2ZyB3aWR0aD0iMSIgaGVpZ2h0PSIxIiB4bWxucz0iaHR0cDovL3d3dy53My5vcmcvMjAwMC9zdmciPjwvc3ZnPg==\" style=\"--smush-placeholder-width: 76px; --smush-placeholder-aspect-ratio: 76\/76;\" \/><span style=\"color: #27357d;\">Cultura<\/span><\/h4><p aria-level=\"2\"><span style=\"color: #000000;\"><b>Secretar\u00eda de Cultura<\/b>\u00a0<\/span><\/p><p><span data-contrast=\"auto\">Ejerce la rector\u00eda en materia de cultura, mediante la formulaci\u00f3n e implementaci\u00f3n de pol\u00edticas p\u00fablicas locales orientadas a la promoci\u00f3n y fomento de la creaci\u00f3n e innovaci\u00f3n en las artes y la cultura; as\u00ed como la preservaci\u00f3n, investigaci\u00f3n, valoraci\u00f3n y circulaci\u00f3n en el espacio p\u00fablico y apropiaci\u00f3n social del patrimonio material e inmaterial en el Distrito Metropolitano de Quito, para garantizar el ejercicio pleno de los derechos culturales de la ciudadan\u00eda.\u00a0<\/span><\/p><p><span data-ccp-props=\"{&quot;201341983&quot;:0,&quot;335559739&quot;:160,&quot;335559740&quot;:259}\">Web:\u202f<a href=\"https:\/\/cultura.quito.gob.ec\" target=\"_blank\" rel=\"noopener\">https:\/\/cultura.quito.gob.ec<\/a>\u00a0\u00a0<\/span><\/p><hr \/><p><span style=\"color: #000000;\"><b>Fundaci\u00f3n Museos de la Ciudad<\/b>\u00a0<\/span><\/p><p><span data-contrast=\"none\">La Fundaci\u00f3n Museos es una persona jur\u00eddica de derecho privado, con finalidad social, sin fines de lucro, que tiene como funci\u00f3n y responsabilidad principal participar en la educaci\u00f3n ciudadana y contribuir en la promoci\u00f3n, desarrollo y gesti\u00f3n cultural en el Distrito Metropolitano de Quito, y por encargo de la Ilustre Municipalidad de la Ciudad, la administraci\u00f3n de los Museos de la Ciudad y de otras instancias y o responsabilidades que se conviniera.<\/span><span data-ccp-props=\"{&quot;134233117&quot;:false,&quot;134233118&quot;:false,&quot;201341983&quot;:0,&quot;335551550&quot;:6,&quot;335551620&quot;:6,&quot;335557856&quot;:16777215,&quot;335559738&quot;:225,&quot;335559739&quot;:225,&quot;335559740&quot;:240}\">\u00a0<\/span><\/p><p><span data-contrast=\"none\">La Fundaci\u00f3n Museos de la Ciudad administra cinco de los m\u00e1s importantes museos y centro de arte del pa\u00eds: Museo de la Ciudad, Yaku Parque Museos del Agua, Museo Interactivo de Ciencia, Museo del Carmen Alto y Centro de Arte Contempor\u00e1neo.<\/span><span data-ccp-props=\"{&quot;134233117&quot;:false,&quot;134233118&quot;:false,&quot;201341983&quot;:0,&quot;335551550&quot;:6,&quot;335551620&quot;:6,&quot;335557856&quot;:16777215,&quot;335559738&quot;:225,&quot;335559739&quot;:225,&quot;335559740&quot;:240}\">\u00a0<\/span><\/p><p><span data-contrast=\"none\">Web:\u202f<\/span><a href=\"http:\/\/www.fundacionmuseosquito.gob.ec\/\" target=\"_blank\" rel=\"noopener\"><span data-contrast=\"none\">www.fundacionmuseosquito.gob.ec<\/span><\/a><span data-ccp-props=\"{&quot;134233117&quot;:false,&quot;134233118&quot;:false,&quot;201341983&quot;:0,&quot;335557856&quot;:16777215,&quot;335559738&quot;:0,&quot;335559739&quot;:0,&quot;335559740&quot;:240}\">\u00a0<\/span><\/p><hr \/><p><span style=\"color: #000000;\"><b>\u00a0<\/b><\/span><\/p><p><span style=\"color: #000000;\"><b>Museo de la Ciudad<\/b>\u00a0<\/span><\/p><p><span data-contrast=\"none\">El Museo de la Ciudad es un servicio cultural del Municipio de Quito, que desarrolla proyectos sobre la historia de la ciudad y fomenta sus pr\u00e1cticas culturales. El Museo basa su producci\u00f3n en rigurosos procesos de investigaci\u00f3n.<\/span><span data-ccp-props=\"{&quot;134233117&quot;:false,&quot;134233118&quot;:false,&quot;201341983&quot;:0,&quot;335551550&quot;:6,&quot;335551620&quot;:6,&quot;335557856&quot;:16777215,&quot;335559738&quot;:225,&quot;335559739&quot;:225,&quot;335559740&quot;:240}\">\u00a0<\/span><\/p><p><span data-contrast=\"none\">Web:\u202f<\/span><a href=\"https:\/\/fundacionmuseosquito.gob.ec\/mdc\/\" target=\"_blank\" rel=\"noopener\"><span data-contrast=\"none\">https:\/\/fundacionmuseosquito.gob.ec\/mdc\/<\/span><\/a><span data-contrast=\"none\">\u00a0<\/span><span data-ccp-props=\"{&quot;134233117&quot;:false,&quot;134233118&quot;:false,&quot;201341983&quot;:0,&quot;335557856&quot;:16777215,&quot;335559738&quot;:0,&quot;335559739&quot;:0,&quot;335559740&quot;:240}\">\u00a0<\/span><\/p><hr \/><p><span style=\"color: #000000;\"><b>\u00a0<\/b><\/span><\/p><p><span style=\"color: #000000;\"><b>Yaku Parque Museo del Agua<\/b>\u00a0<\/span><\/p><p><span data-contrast=\"none\">Abri\u00f3 sus puertas el 5 de diciembre del 2005 y est\u00e1 ubicado en el antiguo barrio de El Placer, en las laderas del volc\u00e1n Pichincha y cuenta con un \u00e1rea total de terreno de 11.285 m2.<\/span><span data-ccp-props=\"{&quot;134233117&quot;:true,&quot;134233118&quot;:true,&quot;201341983&quot;:0,&quot;335557856&quot;:16777215,&quot;335559739&quot;:0,&quot;335559740&quot;:240}\">\u00a0<\/span><\/p><p><span data-contrast=\"none\">Realiza exposiciones permanentes, exposiciones temporales, programas educativos y programas de mediaci\u00f3n comunitaria, Yaku ha buscado generar espacios de reflexi\u00f3n, di\u00e1logo y participaci\u00f3n sobre nuestra relaci\u00f3n individual y colectiva con el agua en sus distintas dimensiones.<\/span><span data-ccp-props=\"{&quot;134233117&quot;:true,&quot;134233118&quot;:true,&quot;201341983&quot;:0,&quot;335557856&quot;:16777215,&quot;335559739&quot;:0,&quot;335559740&quot;:240}\">\u00a0<\/span><\/p><p><span data-contrast=\"none\">Web:\u202f<\/span><a href=\"http:\/\/www.yakumuseoagua.gob.ec\/\" target=\"_blank\" rel=\"noopener\"><span data-contrast=\"none\">www.yakumuseoagua.gob.ec<\/span><\/a><span data-ccp-props=\"{&quot;134233117&quot;:false,&quot;134233118&quot;:false,&quot;201341983&quot;:0,&quot;335557856&quot;:16777215,&quot;335559738&quot;:0,&quot;335559739&quot;:0,&quot;335559740&quot;:240}\">\u00a0<\/span><\/p><hr \/><p><span style=\"color: #000000;\"><b>\u00a0<\/b><\/span><\/p><p><span style=\"color: #000000;\"><b>Museo Interactivo de Ciencia<\/b>\u00a0<\/span><\/p><p><span data-contrast=\"none\">Es el primer museo de este tipo en el Ecuador que cuenta con exposiciones dise\u00f1adas para interactuar y aprender sobre ciencia y tecnolog\u00eda. El MIC es un centro de encuentro, reflexi\u00f3n, exposici\u00f3n de objetos, instalaciones, ideas y conocimientos donde las personas son las protagonistas.<\/span><span data-ccp-props=\"{&quot;134233117&quot;:false,&quot;134233118&quot;:false,&quot;201341983&quot;:0,&quot;335551550&quot;:6,&quot;335551620&quot;:6,&quot;335557856&quot;:16777215,&quot;335559738&quot;:225,&quot;335559739&quot;:225,&quot;335559740&quot;:240}\">\u00a0<\/span><\/p><p><span data-contrast=\"none\">Web:\u202f<\/span><a href=\"https:\/\/fundacionmuseosquito.gob.ec\/mic-3\/\" target=\"_blank\" rel=\"noopener\"><span data-contrast=\"none\">https:\/\/fundacionmuseosquito.gob.ec\/mic-3\/<\/span><\/a><span data-contrast=\"none\">\u00a0<\/span><span data-ccp-props=\"{&quot;134233117&quot;:false,&quot;134233118&quot;:false,&quot;201341983&quot;:0,&quot;335557856&quot;:16777215,&quot;335559738&quot;:0,&quot;335559739&quot;:0,&quot;335559740&quot;:240}\">\u00a0<\/span><\/p><hr \/><p><span style=\"color: #000000;\"><strong>\u00a0<\/strong><\/span><\/p><p><span style=\"color: #000000;\"><strong>Museo del Carmen Alto\u00a0<\/strong><\/span><\/p><p><span data-contrast=\"none\">El Museo del Carmen Alto, es un espacio metropolitano que abri\u00f3 sus puertas al p\u00fablico el 5 de diciembre de 2013 como un sitio creado para generar reflexi\u00f3n en torno al patrimonio cultural carmelita, teniendo como punto de partida conceptual la espiritualidad y sus diversas manifestaciones alrededor del arte; y, a la vez, como un espacio en el que se proyecta, organiza y efect\u00faan actividades culturales, art\u00edsticas y educativas no formales tendientes a incrementar el acervo cultural de la ciudadan\u00eda en general.<\/span><span data-ccp-props=\"{&quot;134233117&quot;:false,&quot;134233118&quot;:false,&quot;201341983&quot;:0,&quot;335551550&quot;:6,&quot;335551620&quot;:6,&quot;335557856&quot;:16777215,&quot;335559738&quot;:225,&quot;335559739&quot;:225,&quot;335559740&quot;:240}\">\u00a0<\/span><\/p><p><span data-contrast=\"none\">Web:\u202f<\/span><a href=\"https:\/\/fundacionmuseosquito.gob.ec\/mca1\/\" target=\"_blank\" rel=\"noopener\"><span data-contrast=\"none\">https:\/\/fundacionmuseosquito.gob.ec\/mca1\/<\/span><\/a><span data-contrast=\"none\">\u00a0<\/span><span data-ccp-props=\"{&quot;134233117&quot;:false,&quot;134233118&quot;:false,&quot;201341983&quot;:0,&quot;335551550&quot;:6,&quot;335551620&quot;:6,&quot;335557856&quot;:16777215,&quot;335559738&quot;:0,&quot;335559739&quot;:0,&quot;335559740&quot;:240}\">\u00a0<\/span><\/p><hr \/><p><span style=\"color: #000000;\"><b>\u00a0<\/b><\/span><\/p><p><span style=\"color: #000000;\"><b>Centro de Arte Contempor\u00e1neo<\/b>\u00a0<\/span><\/p><p><span data-contrast=\"none\">Es un espacio de arte y cultura, comprendidos como procesos cr\u00edticos, reflexivos, incluyentes y participativos. Es sede de exposiciones de reconocidos artistas contempor\u00e1neos y, adem\u00e1s busca ser un espacio de reflexi\u00f3n sobre la ciudad desde m\u00faltiples y diversas pr\u00e1cticas culturales y art\u00edsticas. El CAC promueve y difunde pr\u00e1cticas art\u00edsticas contempor\u00e1neas a trav\u00e9s de procesos de investigaci\u00f3n y di\u00e1logo, con el objetivo de fortalecer la participaci\u00f3n de los actores culturales y sociales.<\/span><span data-ccp-props=\"{&quot;134233117&quot;:false,&quot;134233118&quot;:false,&quot;201341983&quot;:0,&quot;335557856&quot;:16777215,&quot;335559738&quot;:225,&quot;335559739&quot;:225,&quot;335559740&quot;:240}\">\u00a0<\/span><\/p><p><span data-contrast=\"none\">Web:\u202f<\/span><a href=\"https:\/\/fundacionmuseosquito.gob.ec\/cac\/\" target=\"_blank\" rel=\"noopener\"><span data-contrast=\"none\">https:\/\/fundacionmuseosquito.gob.ec\/cac\/<\/span><\/a><span data-contrast=\"none\">\u00a0<\/span><span data-ccp-props=\"{&quot;134233117&quot;:false,&quot;134233118&quot;:false,&quot;201341983&quot;:0,&quot;335557856&quot;:16777215,&quot;335559738&quot;:0,&quot;335559739&quot;:0,&quot;335559740&quot;:240}\">\u00a0<\/span><\/p><hr \/><p><span style=\"color: #000000;\"><b>\u00a0<\/b><\/span><\/p><p><span style=\"color: #000000;\"><b>Sistema Metropolitano de Museos y Centro Culturales<\/b>\u00a0<\/span><\/p><p><span data-contrast=\"none\">Es un marco de trabajo, promoci\u00f3n y apoyo entre los museos y centros culturales del Distrito, gratuito, voluntario y en total respeto de las individualidades de cada miembro.<\/span><span data-ccp-props=\"{&quot;134233117&quot;:false,&quot;134233118&quot;:false,&quot;201341983&quot;:0,&quot;335551550&quot;:6,&quot;335551620&quot;:6,&quot;335557856&quot;:16777215,&quot;335559738&quot;:225,&quot;335559739&quot;:225,&quot;335559740&quot;:240}\">\u00a0<\/span><\/p><p><span data-contrast=\"none\">Web:\u202f<\/span><a href=\"http:\/\/www.museosquito.gob.ec\/\" target=\"_blank\" rel=\"noopener\"><span data-contrast=\"none\">www.museosquito.gob.ec<\/span><\/a><span data-ccp-props=\"{&quot;134233117&quot;:false,&quot;134233118&quot;:false,&quot;201341983&quot;:0,&quot;335557856&quot;:16777215,&quot;335559738&quot;:0,&quot;335559739&quot;:0,&quot;335559740&quot;:240}\">\u00a0<\/span><\/p><hr \/><p><span style=\"color: #000000;\"><b>\u00a0<\/b><\/span><\/p><p><span style=\"color: #000000;\"><b>Fundaci\u00f3n Teatro Nacional Sucre<\/b>\u00a0<\/span><\/p><p><span data-contrast=\"none\">La Fundaci\u00f3n Teatro Nacional Sucre (FTNS) es una instituci\u00f3n de derecho privado, sin fines de lucro, que se constituy\u00f3 en enero de 2005.<\/span><span data-ccp-props=\"{&quot;134233117&quot;:true,&quot;134233118&quot;:true,&quot;201341983&quot;:0,&quot;335551550&quot;:6,&quot;335551620&quot;:6,&quot;335557856&quot;:16777215,&quot;335559739&quot;:0,&quot;335559740&quot;:240}\">\u00a0<\/span><\/p><p><span data-contrast=\"none\">La FTNS forma parte de la Alcald\u00eda del Distrito Metropolitano de Quito y administra tres escenarios de la capital: Teatro Nacional Sucre, Teatro M\u00e9xico y Teatro Variedades Ernesto Alb\u00e1n. Gestiona el Centro Cultural Mama Cuchara que alberga a siete elencos musicales profesionales: Orquesta de Instrumentos Andinos, Banda Sinf\u00f3nica Metropolitano de Quito, Ensamble de Guitarras de Quito, Escuela L\u00edrica, Coro Mixto Ciudad de Quito, Grupo Yavirac; y dos de formaci\u00f3n, Coro Juvenil, Coro Infantil.<\/span><span data-ccp-props=\"{&quot;134233117&quot;:false,&quot;134233118&quot;:false,&quot;201341983&quot;:0,&quot;335551550&quot;:6,&quot;335551620&quot;:6,&quot;335557856&quot;:16777215,&quot;335559738&quot;:0,&quot;335559739&quot;:0,&quot;335559740&quot;:240}\">\u00a0<\/span><\/p><p><span data-contrast=\"none\">Web:\u202f<\/span><a href=\"http:\/\/www.teatrosucre.com\/\" target=\"_blank\" rel=\"noopener\"><span data-contrast=\"none\">www.teatrosucre.com<\/span><\/a><span data-ccp-props=\"{&quot;134233117&quot;:false,&quot;134233118&quot;:false,&quot;201341983&quot;:0,&quot;335551550&quot;:6,&quot;335551620&quot;:6,&quot;335557856&quot;:16777215,&quot;335559738&quot;:0,&quot;335559739&quot;:0,&quot;335559740&quot;:240}\">\u00a0<\/span><\/p><hr \/><p><span style=\"color: #000000;\"><b>\u00a0<\/b><\/span><\/p><p><span style=\"color: #000000;\"><b>Centro Cultural Metropolitano<\/b><\/span><span data-ccp-props=\"{&quot;134233117&quot;:false,&quot;134233118&quot;:false,&quot;201341983&quot;:0,&quot;335557856&quot;:16777215,&quot;335559738&quot;:0,&quot;335559739&quot;:0,&quot;335559740&quot;:240}\">\u00a0<\/span><\/p><p><span data-contrast=\"none\">Es una instituci\u00f3n de servicio p\u00fablico adscrita a la Secretar\u00eda de Cultura del Municipio de Quito; cuya misi\u00f3n es contribuir al conocimiento, valoraci\u00f3n, promoci\u00f3n y disfrute del patrimonio y las diversas manifestaciones culturales, y a la generaci\u00f3n e intercambio de conocimientos.<\/span><span data-ccp-props=\"{&quot;134233117&quot;:false,&quot;134233118&quot;:false,&quot;201341983&quot;:0,&quot;335551550&quot;:6,&quot;335551620&quot;:6,&quot;335557856&quot;:16777215,&quot;335559738&quot;:225,&quot;335559739&quot;:225,&quot;335559740&quot;:240}\">\u00a0<\/span><\/p><hr \/><p><span style=\"color: #000000;\"><b>\u00a0<\/b><\/span><\/p><p><span style=\"color: #000000;\"><b>Centro Cultural Benjam\u00edn Carri\u00f3n<\/b><\/span><span data-ccp-props=\"{&quot;134233117&quot;:false,&quot;134233118&quot;:false,&quot;201341983&quot;:0,&quot;335557856&quot;:16777215,&quot;335559738&quot;:0,&quot;335559739&quot;:0,&quot;335559740&quot;:240}\">\u00a0<\/span><\/p><p><span data-contrast=\"none\">Espacio intelectual donde arte, conocimiento y palabra se encuentran, escenario com\u00fan de estudio, investigaci\u00f3n y disfrute cultural permanente.<\/span><span data-ccp-props=\"{&quot;134233117&quot;:false,&quot;134233118&quot;:false,&quot;201341983&quot;:0,&quot;335551550&quot;:6,&quot;335551620&quot;:6,&quot;335557856&quot;:16777215,&quot;335559738&quot;:225,&quot;335559739&quot;:225,&quot;335559740&quot;:240}\">\u00a0<\/span><\/p><p><span data-contrast=\"none\">Web:\u202f<\/span><a href=\"http:\/\/www.ccbenjamincarrion.com\/\" target=\"_blank\" rel=\"noopener\"><span data-contrast=\"none\">www.ccbenjamincarrion.com<\/span><\/a><span data-ccp-props=\"{&quot;134233117&quot;:false,&quot;134233118&quot;:false,&quot;201341983&quot;:0,&quot;335557856&quot;:16777215,&quot;335559738&quot;:0,&quot;335559739&quot;:0,&quot;335559740&quot;:240}\">\u00a0<\/span><\/p><hr \/><p><span style=\"color: #000000;\"><b>\u00a0<\/b><\/span><\/p><p><span style=\"color: #000000;\"><b>Instituto Metropolitano de Patrimonio<\/b>\u00a0<\/span><\/p><p><span data-contrast=\"none\">Protege y promociona el patrimonio material e inmaterial del Distrito Metropolitano de Quito, fortaleciendo el inventario, la conservaci\u00f3n, salvaguardia y promoci\u00f3n del patrimonio material e inmaterial, para cuidar y velar por la memoria hist\u00f3rica de la capital de los ecuatorianos.<\/span><span data-ccp-props=\"{&quot;134233117&quot;:false,&quot;134233118&quot;:false,&quot;201341983&quot;:0,&quot;335557856&quot;:16777215,&quot;335559738&quot;:0,&quot;335559739&quot;:0,&quot;335559740&quot;:240}\">\u00a0<\/span><\/p><p><span style=\"font-style: inherit; font-weight: inherit; color: var( --e-global-color-text ); background-color: var(--ast-global-color-5);\" data-contrast=\"none\">Web: <\/span><a style=\"font-style: inherit; font-weight: inherit;\" href=\"https:\/\/patrimonio.quito.gob.ec\/\" target=\"_blank\" rel=\"noopener\"><span data-contrast=\"none\">https:\/\/patrimonio.quito.gob.ec<\/span><\/a><\/p><hr \/><p><span style=\"color: #000000;\"><b>Archivo Metropolitano de Historia de Quito<\/b><\/span><span style=\"color: #000000;\">\u00a0<\/span><\/p><p>Desde 1992, el Archivo Metropolitano de Historia de Quito funciona en el edificio de la antigua biblioteca de Jacinto Jij\u00f3n y Caama\u00f1o, situada en el parque La Circasiana.<\/p><p>Resguarda documentaci\u00f3n del Cabildo desde la fundaci\u00f3n espa\u00f1ola de la ciudad hasta finales del siglo XX.<\/p><p><span style=\"font-style: inherit; font-weight: inherit; color: var( --e-global-color-text ); background-color: var(--ast-global-color-5);\" data-contrast=\"none\">Web: <\/span><a style=\"font-style: inherit; font-weight: inherit;\" href=\"https:\/\/archivoqhistorico.quito.gob.ec\" target=\"_blank\" rel=\"noopener\"><span data-contrast=\"none\">https:\/\/archivoqhistorico.quito.gob.ec<\/span><\/a><\/p>\t\t\t\t\t\t\t\t<\/div>\n\t\t\t\t<\/div>\n\t\t\t\t\t<\/div>\n\t\t\t\t<\/div>\n\t\t\t\t<\/div>\n\t\t","protected":false},"excerpt":{"rendered":"<p>Cultura Secretar\u00eda de Cultura\u00a0 Ejerce la rector\u00eda en materia de cultura, mediante la formulaci\u00f3n e implementaci\u00f3n de pol\u00edticas p\u00fablicas locales [&hellip;]<\/p>\n","protected":false},"author":5,"featured_media":0,"parent":0,"menu_order":0,"comment_status":"closed","ping_status":"closed","template":"","meta":{"site-sidebar-layout":"no-sidebar","site-content-layout":"","ast-site-content-layout":"full-width-container","site-content-style":"default","site-sidebar-style":"default","ast-global-header-display":"","ast-banner-title-visibility":"","ast-main-header-display":"","ast-hfb-above-header-display":"","ast-hfb-below-header-display":"","ast-hfb-mobile-header-display":"","site-post-title":"disabled","ast-breadcrumbs-content":"","ast-featured-img":"disabled","footer-sml-layout":"","ast-disable-related-posts":"","theme-transparent-header-meta":"","adv-header-id-meta":"","stick-header-meta":"","header-above-stick-meta":"","header-main-stick-meta":"","header-below-stick-meta":"","astra-migrate-meta-layouts":"default","ast-page-background-enabled":"default","ast-page-background-meta":{"desktop":{"background-color":"var(--ast-global-color-4)","background-image":"","background-repeat":"repeat","background-position":"center center","background-size":"auto","background-attachment":"scroll","background-type":"","background-media":"","overlay-type":"","overlay-color":"","overlay-opacity":"","overlay-gradient":""},"tablet":{"background-color":"","background-image":"","background-repeat":"repeat","background-position":"center center","background-size":"auto","background-attachment":"scroll","background-type":"","background-media":"","overlay-type":"","overlay-color":"","overlay-opacity":"","overlay-gradient":""},"mobile":{"background-color":"","background-image":"","background-repeat":"repeat","background-position":"center center","background-size":"auto","background-attachment":"scroll","background-type":"","background-media":"","overlay-type":"","overlay-color":"","overlay-opacity":"","overlay-gradient":""}},"ast-content-background-meta":{"desktop":{"background-color":"var(--ast-global-color-5)","background-image":"","background-repeat":"repeat","background-position":"center center","background-size":"auto","background-attachment":"scroll","background-type":"","background-media":"","overlay-type":"","overlay-color":"","overlay-opacity":"","overlay-gradient":""},"tablet":{"background-color":"var(--ast-global-color-5)","background-image":"","background-repeat":"repeat","background-position":"center center","background-size":"auto","background-attachment":"scroll","background-type":"","background-media":"","overlay-type":"","overlay-color":"","overlay-opacity":"","overlay-gradient":""},"mobile":{"background-color":"var(--ast-global-color-5)","background-image":"","background-repeat":"repeat","background-position":"center center","background-size":"auto","background-attachment":"scroll","background-type":"","background-media":"","overlay-type":"","overlay-color":"","overlay-opacity":"","overlay-gradient":""}},"footnotes":""},"class_list":["post-2488","page","type-page","status-publish","hentry"],"yoast_head":"<!-- This site is optimized with the Yoast SEO plugin v26.8 - https:\/\/yoast.com\/product\/yoast-seo-wordpress\/ -->\n<title>Cultura - Municipio de Quito<\/title>\n<meta name=\"robots\" content=\"index, follow, max-snippet:-1, max-image-preview:large, max-video-preview:-1\" \/>\n<link rel=\"canonical\" href=\"https:\/\/www.quito.gob.ec\/?page_id=2488\" \/>\n<meta property=\"og:locale\" content=\"es_ES\" \/>\n<meta property=\"og:type\" content=\"article\" \/>\n<meta property=\"og:title\" content=\"Cultura - Municipio de Quito\" \/>\n<meta property=\"og:description\" content=\"Cultura Secretar\u00eda de Cultura\u00a0 Ejerce la rector\u00eda en materia de cultura, mediante la formulaci\u00f3n e implementaci\u00f3n de pol\u00edticas p\u00fablicas locales [&hellip;]\" \/>\n<meta property=\"og:url\" content=\"https:\/\/www.quito.gob.ec\/?page_id=2488\" \/>\n<meta property=\"og:site_name\" content=\"Municipio de Quito\" \/>\n<meta property=\"article:modified_time\" content=\"2025-05-29T14:48:30+00:00\" \/>\n<meta property=\"og:image\" content=\"https:\/\/www.quito.gob.ec\/wp-content\/uploads\/2024\/02\/CULTURA.png\" \/>\n\t<meta property=\"og:image:width\" content=\"251\" \/>\n\t<meta property=\"og:image:height\" content=\"250\" \/>\n\t<meta property=\"og:image:type\" content=\"image\/png\" \/>\n<meta name=\"twitter:card\" content=\"summary_large_image\" \/>\n<script type=\"application\/ld+json\" class=\"yoast-schema-graph\">{\"@context\":\"https:\/\/schema.org\",\"@graph\":[{\"@type\":\"WebPage\",\"@id\":\"https:\/\/www.quito.gob.ec\/?page_id=2488\",\"url\":\"https:\/\/www.quito.gob.ec\/?page_id=2488\",\"name\":\"Cultura - Municipio de Quito\",\"isPartOf\":{\"@id\":\"https:\/\/www.quito.gob.ec\/#website\"},\"primaryImageOfPage\":{\"@id\":\"https:\/\/www.quito.gob.ec\/?page_id=2488#primaryimage\"},\"image\":{\"@id\":\"https:\/\/www.quito.gob.ec\/?page_id=2488#primaryimage\"},\"thumbnailUrl\":\"https:\/\/www.quito.gob.ec\/wp-content\/uploads\/2024\/02\/CULTURA.png\",\"datePublished\":\"2024-02-15T16:32:42+00:00\",\"dateModified\":\"2025-05-29T14:48:30+00:00\",\"breadcrumb\":{\"@id\":\"https:\/\/www.quito.gob.ec\/?page_id=2488#breadcrumb\"},\"inLanguage\":\"es\",\"potentialAction\":[{\"@type\":\"ReadAction\",\"target\":[\"https:\/\/www.quito.gob.ec\/?page_id=2488\"]}]},{\"@type\":\"ImageObject\",\"inLanguage\":\"es\",\"@id\":\"https:\/\/www.quito.gob.ec\/?page_id=2488#primaryimage\",\"url\":\"https:\/\/www.quito.gob.ec\/wp-content\/uploads\/2024\/02\/CULTURA.png\",\"contentUrl\":\"https:\/\/www.quito.gob.ec\/wp-content\/uploads\/2024\/02\/CULTURA.png\",\"width\":251,\"height\":250},{\"@type\":\"BreadcrumbList\",\"@id\":\"https:\/\/www.quito.gob.ec\/?page_id=2488#breadcrumb\",\"itemListElement\":[{\"@type\":\"ListItem\",\"position\":1,\"name\":\"Portada\",\"item\":\"https:\/\/www.quito.gob.ec\/\"},{\"@type\":\"ListItem\",\"position\":2,\"name\":\"Cultura\"}]},{\"@type\":\"WebSite\",\"@id\":\"https:\/\/www.quito.gob.ec\/#website\",\"url\":\"https:\/\/www.quito.gob.ec\/\",\"name\":\"Municipio de Quito\",\"description\":\"\",\"publisher\":{\"@id\":\"https:\/\/www.quito.gob.ec\/#organization\"},\"potentialAction\":[{\"@type\":\"SearchAction\",\"target\":{\"@type\":\"EntryPoint\",\"urlTemplate\":\"https:\/\/www.quito.gob.ec\/?s={search_term_string}\"},\"query-input\":{\"@type\":\"PropertyValueSpecification\",\"valueRequired\":true,\"valueName\":\"search_term_string\"}}],\"inLanguage\":\"es\"},{\"@type\":\"Organization\",\"@id\":\"https:\/\/www.quito.gob.ec\/#organization\",\"name\":\"Municipio de Quito\",\"url\":\"https:\/\/www.quito.gob.ec\/\",\"logo\":{\"@type\":\"ImageObject\",\"inLanguage\":\"es\",\"@id\":\"https:\/\/www.quito.gob.ec\/#\/schema\/logo\/image\/\",\"url\":\"https:\/\/www.quito.gob.ec\/wp-content\/uploads\/2024\/01\/LOGO_ALCALDIA_QUITO-23.svg\",\"contentUrl\":\"https:\/\/www.quito.gob.ec\/wp-content\/uploads\/2024\/01\/LOGO_ALCALDIA_QUITO-23.svg\",\"caption\":\"Municipio de Quito\"},\"image\":{\"@id\":\"https:\/\/www.quito.gob.ec\/#\/schema\/logo\/image\/\"}}]}<\/script>\n<!-- \/ Yoast SEO plugin. -->","yoast_head_json":{"title":"Cultura - Municipio de Quito","robots":{"index":"index","follow":"follow","max-snippet":"max-snippet:-1","max-image-preview":"max-image-preview:large","max-video-preview":"max-video-preview:-1"},"canonical":"https:\/\/www.quito.gob.ec\/?page_id=2488","og_locale":"es_ES","og_type":"article","og_title":"Cultura - Municipio de Quito","og_description":"Cultura Secretar\u00eda de Cultura\u00a0 Ejerce la rector\u00eda en materia de cultura, mediante la formulaci\u00f3n e implementaci\u00f3n de pol\u00edticas p\u00fablicas locales [&hellip;]","og_url":"https:\/\/www.quito.gob.ec\/?page_id=2488","og_site_name":"Municipio de Quito","article_modified_time":"2025-05-29T14:48:30+00:00","og_image":[{"width":251,"height":250,"url":"https:\/\/www.quito.gob.ec\/wp-content\/uploads\/2024\/02\/CULTURA.png","type":"image\/png"}],"twitter_card":"summary_large_image","schema":{"@context":"https:\/\/schema.org","@graph":[{"@type":"WebPage","@id":"https:\/\/www.quito.gob.ec\/?page_id=2488","url":"https:\/\/www.quito.gob.ec\/?page_id=2488","name":"Cultura - Municipio de Quito","isPartOf":{"@id":"https:\/\/www.quito.gob.ec\/#website"},"primaryImageOfPage":{"@id":"https:\/\/www.quito.gob.ec\/?page_id=2488#primaryimage"},"image":{"@id":"https:\/\/www.quito.gob.ec\/?page_id=2488#primaryimage"},"thumbnailUrl":"https:\/\/www.quito.gob.ec\/wp-content\/uploads\/2024\/02\/CULTURA.png","datePublished":"2024-02-15T16:32:42+00:00","dateModified":"2025-05-29T14:48:30+00:00","breadcrumb":{"@id":"https:\/\/www.quito.gob.ec\/?page_id=2488#breadcrumb"},"inLanguage":"es","potentialAction":[{"@type":"ReadAction","target":["https:\/\/www.quito.gob.ec\/?page_id=2488"]}]},{"@type":"ImageObject","inLanguage":"es","@id":"https:\/\/www.quito.gob.ec\/?page_id=2488#primaryimage","url":"https:\/\/www.quito.gob.ec\/wp-content\/uploads\/2024\/02\/CULTURA.png","contentUrl":"https:\/\/www.quito.gob.ec\/wp-content\/uploads\/2024\/02\/CULTURA.png","width":251,"height":250},{"@type":"BreadcrumbList","@id":"https:\/\/www.quito.gob.ec\/?page_id=2488#breadcrumb","itemListElement":[{"@type":"ListItem","position":1,"name":"Portada","item":"https:\/\/www.quito.gob.ec\/"},{"@type":"ListItem","position":2,"name":"Cultura"}]},{"@type":"WebSite","@id":"https:\/\/www.quito.gob.ec\/#website","url":"https:\/\/www.quito.gob.ec\/","name":"Municipio de Quito","description":"","publisher":{"@id":"https:\/\/www.quito.gob.ec\/#organization"},"potentialAction":[{"@type":"SearchAction","target":{"@type":"EntryPoint","urlTemplate":"https:\/\/www.quito.gob.ec\/?s={search_term_string}"},"query-input":{"@type":"PropertyValueSpecification","valueRequired":true,"valueName":"search_term_string"}}],"inLanguage":"es"},{"@type":"Organization","@id":"https:\/\/www.quito.gob.ec\/#organization","name":"Municipio de Quito","url":"https:\/\/www.quito.gob.ec\/","logo":{"@type":"ImageObject","inLanguage":"es","@id":"https:\/\/www.quito.gob.ec\/#\/schema\/logo\/image\/","url":"https:\/\/www.quito.gob.ec\/wp-content\/uploads\/2024\/01\/LOGO_ALCALDIA_QUITO-23.svg","contentUrl":"https:\/\/www.quito.gob.ec\/wp-content\/uploads\/2024\/01\/LOGO_ALCALDIA_QUITO-23.svg","caption":"Municipio de Quito"},"image":{"@id":"https:\/\/www.quito.gob.ec\/#\/schema\/logo\/image\/"}}]}},"_links":{"self":[{"href":"https:\/\/www.quito.gob.ec\/index.php?rest_route=\/wp\/v2\/pages\/2488","targetHints":{"allow":["GET"]}}],"collection":[{"href":"https:\/\/www.quito.gob.ec\/index.php?rest_route=\/wp\/v2\/pages"}],"about":[{"href":"https:\/\/www.quito.gob.ec\/index.php?rest_route=\/wp\/v2\/types\/page"}],"author":[{"embeddable":true,"href":"https:\/\/www.quito.gob.ec\/index.php?rest_route=\/wp\/v2\/users\/5"}],"replies":[{"embeddable":true,"href":"https:\/\/www.quito.gob.ec\/index.php?rest_route=%2Fwp%2Fv2%2Fcomments&post=2488"}],"version-history":[{"count":58,"href":"https:\/\/www.quito.gob.ec\/index.php?rest_route=\/wp\/v2\/pages\/2488\/revisions"}],"predecessor-version":[{"id":11334,"href":"https:\/\/www.quito.gob.ec\/index.php?rest_route=\/wp\/v2\/pages\/2488\/revisions\/11334"}],"wp:attachment":[{"href":"https:\/\/www.quito.gob.ec\/index.php?rest_route=%2Fwp%2Fv2%2Fmedia&parent=2488"}],"curies":[{"name":"wp","href":"https:\/\/api.w.org\/{rel}","templated":true}]}}