{"id":6560,"date":"2024-06-17T16:20:04","date_gmt":"2024-06-17T21:20:04","guid":{"rendered":"https:\/\/172.30.2.161\/?page_id=6560"},"modified":"2025-07-01T15:06:28","modified_gmt":"2025-07-01T20:06:28","slug":"premio-buenas-practicas-comercializacion-y-buen-vivir","status":"publish","type":"page","link":"https:\/\/www.quito.gob.ec\/?page_id=6560","title":{"rendered":"Premio a las Buenas Pr\u00e1cticas de Comercializaci\u00f3n y del Buen Vivir 2025"},"content":{"rendered":"\t\t<div data-elementor-type=\"wp-page\" data-elementor-id=\"6560\" class=\"elementor elementor-6560\" data-elementor-post-type=\"page\">\n\t\t\t\t<div class=\"elementor-element elementor-element-295250d7 e-flex e-con-boxed e-con e-parent\" data-id=\"295250d7\" data-element_type=\"container\">\n\t\t\t\t\t<div class=\"e-con-inner\">\n\t\t\t\t<div class=\"elementor-element elementor-element-5246a77f elementor-widget__width-auto elementor-widget elementor-widget-shortcode\" data-id=\"5246a77f\" data-element_type=\"widget\" data-widget_type=\"shortcode.default\">\n\t\t\t\t<div class=\"elementor-widget-container\">\n\t\t\t\t\t\t\t<div class=\"elementor-shortcode\">\t\t\t<!-- Flexy Breadcrumb -->\r\n\t\t\t<div class=\"fbc fbc-page\">\r\n\r\n\t\t\t\t<!-- Breadcrumb wrapper -->\r\n\t\t\t\t<div class=\"fbc-wrap\">\r\n\r\n\t\t\t\t\t<!-- Ordered list-->\r\n\t\t\t\t\t<ol class=\"fbc-items\" itemscope itemtype=\"https:\/\/schema.org\/BreadcrumbList\">\r\n\t\t\t\t\t\t            <li itemprop=\"itemListElement\" itemscope itemtype=\"https:\/\/schema.org\/ListItem\">\r\n                <span itemprop=\"name\">\r\n                    <!-- Home Link -->\r\n                    <a itemprop=\"item\" href=\"https:\/\/www.quito.gob.ec\">\r\n                    \r\n                                                    <i class=\"fa fa-home\" aria-hidden=\"true\"><\/i>Inicio                    <\/a>\r\n                <\/span>\r\n                <meta itemprop=\"position\" content=\"1\" \/><!-- Meta Position-->\r\n             <\/li><li><span class=\"fbc-separator\">\/<\/span><\/li><li class=\"active\" itemprop=\"itemListElement\" itemscope itemtype=\"https:\/\/schema.org\/ListItem\"><span itemprop=\"name\" title=\"Premio a las Buenas Pr\u00e1cticas de Comercializaci\u00f3n y del Buen Vivir 2025\">Premio a las Buenas Pr\u00e1cticas de Comercializaci\u00f3n y del Buen Vivir 2025<\/span><meta itemprop=\"position\" content=\"2\" \/><\/li>\t\t\t\t\t<\/ol>\r\n\t\t\t\t\t<div class=\"clearfix\"><\/div>\r\n\t\t\t\t<\/div>\r\n\t\t\t<\/div>\r\n\t\t\t<\/div>\n\t\t\t\t\t\t<\/div>\n\t\t\t\t<\/div>\n\t\t\t\t\t<\/div>\n\t\t\t\t<\/div>\n\t\t<div class=\"elementor-element elementor-element-f590c02 e-flex e-con-boxed e-con e-parent\" data-id=\"f590c02\" data-element_type=\"container\">\n\t\t\t\t\t<div class=\"e-con-inner\">\n\t\t\t\t<div class=\"elementor-element elementor-element-0ca45de elementor-widget elementor-widget-text-editor\" data-id=\"0ca45de\" data-element_type=\"widget\" data-widget_type=\"text-editor.default\">\n\t\t\t\t<div class=\"elementor-widget-container\">\n\t\t\t\t\t\t\t\t\t<p><strong>CONVOCATORIA<\/strong><\/p><p>La Comisi\u00f3n de Comercializaci\u00f3n del Concejo Metropolitano de Quito a trav\u00e9s de la Agencia Metropolitana de Coordinaci\u00f3n de Comercio-AMCC, invita a participar en el proceso de postulaci\u00f3n y posterior otorgamiento del Premio a las Buenas Pr\u00e1cticas de Comercializaci\u00f3n y del Buen Vivir 2025, a todos los actores de los ejes del sistema de comercializaci\u00f3n del Distrito Metropolitano de Quito, administrados por la AMCC incluyendo:<\/p><ul><li>Categor\u00eda Mercados, Ferias y Plataformas;<\/li><li>Categor\u00eda Centros Comerciales Populares;<\/li><li>Categor\u00eda Comerciantes Aut\u00f3nomos;<\/li><\/ul><p style=\"text-align: justify;\">Esta convocatoria representa una oportunidad para visibilizar y reconocer los esfuerzos de quienes est\u00e1n construyendo un sistema de comercializaci\u00f3n m\u00e1s justo, solidario y en armon\u00eda con el entorno natural y social del Distrito Metropolitano de Quito.<\/p><p><strong>DOCUMENTOS<\/strong><\/p>\t\t\t\t\t\t\t\t<\/div>\n\t\t\t\t<\/div>\n\t\t\t\t\t<\/div>\n\t\t\t\t<\/div>\n\t\t<div class=\"elementor-element elementor-element-1cdc5285 classdata e-flex e-con-boxed e-con e-parent\" data-id=\"1cdc5285\" data-element_type=\"container\" id=\"datamagisterio\">\n\t\t\t\t\t<div class=\"e-con-inner\">\n\t\t<div class=\"elementor-element elementor-element-545fb855 e-flex e-con-boxed e-con e-child\" data-id=\"545fb855\" data-element_type=\"container\">\n\t\t\t\t\t<div class=\"e-con-inner\">\n\t\t<div class=\"elementor-element elementor-element-70e1472f e-con-full e-flex e-con e-child\" data-id=\"70e1472f\" data-element_type=\"container\">\n\t\t\t\t<div class=\"elementor-element elementor-element-10d0e4a5 elementor-view-default elementor-widget elementor-widget-icon\" data-id=\"10d0e4a5\" data-element_type=\"widget\" data-widget_type=\"icon.default\">\n\t\t\t\t<div class=\"elementor-widget-container\">\n\t\t\t\t\t\t\t<div class=\"elementor-icon-wrapper\">\n\t\t\t<div class=\"elementor-icon\">\n\t\t\t<svg xmlns=\"http:\/\/www.w3.org\/2000\/svg\" viewBox=\"0 0 48 48\" width=\"48px\" height=\"48px\"><path fill=\"#e53935\" d=\"M38,42H10c-2.209,0-4-1.791-4-4V10c0-2.209,1.791-4,4-4h28c2.209,0,4,1.791,4,4v28 C42,40.209,40.209,42,38,42z\"><\/path><path fill=\"#fff\" d=\"M34.841,26.799c-1.692-1.757-6.314-1.041-7.42-0.911c-1.627-1.562-2.734-3.45-3.124-4.101 c0.586-1.757,0.976-3.515,1.041-5.402c0-1.627-0.651-3.385-2.473-3.385c-0.651,0-1.237,0.391-1.562,0.911 c-0.781,1.367-0.456,4.101,0.781,6.899c-0.716,2.018-1.367,3.97-3.189,7.42c-1.888,0.781-5.858,2.604-6.183,4.556 c-0.13,0.586,0.065,1.172,0.521,1.627C13.688,34.805,14.273,35,14.859,35c2.408,0,4.751-3.32,6.379-6.118 c1.367-0.456,3.515-1.107,5.663-1.497c2.538,2.213,4.751,2.538,5.923,2.538c1.562,0,2.148-0.651,2.343-1.237 C35.492,28.036,35.297,27.32,34.841,26.799z M33.214,27.905c-0.065,0.456-0.651,0.911-1.692,0.651 c-1.237-0.325-2.343-0.911-3.32-1.692c0.846-0.13,2.734-0.325,4.101-0.065C32.824,26.929,33.344,27.254,33.214,27.905z M22.344,14.497c0.13-0.195,0.325-0.325,0.521-0.325c0.586,0,0.716,0.716,0.716,1.302c-0.065,1.367-0.325,2.734-0.781,4.036 C21.824,16.905,22.019,15.083,22.344,14.497z M22.214,27.124c0.521-1.041,1.237-2.864,1.497-3.645 c0.586,0.976,1.562,2.148,2.083,2.669C25.794,26.213,23.776,26.604,22.214,27.124z M18.374,29.728 c-1.497,2.473-3.059,4.036-3.905,4.036c-0.13,0-0.26-0.065-0.391-0.13c-0.195-0.13-0.26-0.325-0.195-0.586 C14.078,32.136,15.77,30.899,18.374,29.728z\"><\/path><\/svg>\t\t\t<\/div>\n\t\t<\/div>\n\t\t\t\t\t\t<\/div>\n\t\t\t\t<\/div>\n\t\t\t\t<\/div>\n\t\t<div class=\"elementor-element elementor-element-503208b1 e-flex e-con-boxed e-con e-child\" data-id=\"503208b1\" data-element_type=\"container\">\n\t\t\t\t\t<div class=\"e-con-inner\">\n\t\t\t\t<div class=\"elementor-element elementor-element-71dfa6fb elementor-widget elementor-widget-heading\" data-id=\"71dfa6fb\" data-element_type=\"widget\" data-widget_type=\"heading.default\">\n\t\t\t\t<div class=\"elementor-widget-container\">\n\t\t\t\t\t<h6 class=\"elementor-heading-title elementor-size-default\">Requisitos de postulaci\u00f3n para el premio a las Buenas Pr\u00e1cticas de Comercializaci\u00f3n y del\nBuen Vivir 2025<\/h6>\t\t\t\t<\/div>\n\t\t\t\t<\/div>\n\t\t\t\t\t<\/div>\n\t\t\t\t<\/div>\n\t\t<div class=\"elementor-element elementor-element-6d5e64c3 e-flex e-con-boxed e-con e-child\" data-id=\"6d5e64c3\" data-element_type=\"container\">\n\t\t\t\t\t<div class=\"e-con-inner\">\n\t\t\t\t<div class=\"elementor-element elementor-element-3201258 elementor-widget-mobile__width-initial elementor-widget elementor-widget-button\" data-id=\"3201258\" data-element_type=\"widget\" data-widget_type=\"button.default\">\n\t\t\t\t<div class=\"elementor-widget-container\">\n\t\t\t\t\t\t\t\t\t<div class=\"elementor-button-wrapper\">\n\t\t\t\t\t<a class=\"elementor-button elementor-button-link elementor-size-sm\" href=\"https:\/\/www.quito.gob.ec\/wp-content\/uploads\/2025\/07\/Requisitos-Premio-a-las-Buenas-Practicas-de-Comercializacion-y-del-Buen-Vivir-2025.pdf\" target=\"_blank\" download=\"MM_CONVOCATORIA-2025_0001\">\n\t\t\t\t\t\t<span class=\"elementor-button-content-wrapper\">\n\t\t\t\t\t\t<span class=\"elementor-button-icon\">\n\t\t\t\t<svg aria-hidden=\"true\" class=\"e-font-icon-svg e-fas-download\" viewBox=\"0 0 512 512\" xmlns=\"http:\/\/www.w3.org\/2000\/svg\"><path d=\"M216 0h80c13.3 0 24 10.7 24 24v168h87.7c17.8 0 26.7 21.5 14.1 34.1L269.7 378.3c-7.5 7.5-19.8 7.5-27.3 0L90.1 226.1c-12.6-12.6-3.7-34.1 14.1-34.1H192V24c0-13.3 10.7-24 24-24zm296 376v112c0 13.3-10.7 24-24 24H24c-13.3 0-24-10.7-24-24V376c0-13.3 10.7-24 24-24h146.7l49 49c20.1 20.1 52.5 20.1 72.6 0l49-49H488c13.3 0 24 10.7 24 24zm-124 88c0-11-9-20-20-20s-20 9-20 20 9 20 20 20 20-9 20-20zm64 0c0-11-9-20-20-20s-20 9-20 20 9 20 20 20 20-9 20-20z\"><\/path><\/svg>\t\t\t<\/span>\n\t\t\t\t\t\t\t\t\t<span class=\"elementor-button-text\">   Descargar   <\/span>\n\t\t\t\t\t<\/span>\n\t\t\t\t\t<\/a>\n\t\t\t\t<\/div>\n\t\t\t\t\t\t\t\t<\/div>\n\t\t\t\t<\/div>\n\t\t\t\t\t<\/div>\n\t\t\t\t<\/div>\n\t\t\t\t\t<\/div>\n\t\t\t\t<\/div>\n\t\t<div class=\"elementor-element elementor-element-67fa545f e-flex e-con-boxed e-con e-child\" data-id=\"67fa545f\" data-element_type=\"container\">\n\t\t\t\t\t<div class=\"e-con-inner\">\n\t\t<div class=\"elementor-element elementor-element-4b704bd8 e-con-full e-flex e-con e-child\" data-id=\"4b704bd8\" data-element_type=\"container\">\n\t\t\t\t<div class=\"elementor-element elementor-element-1c5a60c4 elementor-view-default elementor-widget elementor-widget-icon\" data-id=\"1c5a60c4\" data-element_type=\"widget\" data-widget_type=\"icon.default\">\n\t\t\t\t<div class=\"elementor-widget-container\">\n\t\t\t\t\t\t\t<div class=\"elementor-icon-wrapper\">\n\t\t\t<div class=\"elementor-icon\">\n\t\t\t<svg xmlns=\"http:\/\/www.w3.org\/2000\/svg\" viewBox=\"0 0 48 48\" width=\"48px\" height=\"48px\"><path fill=\"#e53935\" d=\"M38,42H10c-2.209,0-4-1.791-4-4V10c0-2.209,1.791-4,4-4h28c2.209,0,4,1.791,4,4v28 C42,40.209,40.209,42,38,42z\"><\/path><path fill=\"#fff\" d=\"M34.841,26.799c-1.692-1.757-6.314-1.041-7.42-0.911c-1.627-1.562-2.734-3.45-3.124-4.101 c0.586-1.757,0.976-3.515,1.041-5.402c0-1.627-0.651-3.385-2.473-3.385c-0.651,0-1.237,0.391-1.562,0.911 c-0.781,1.367-0.456,4.101,0.781,6.899c-0.716,2.018-1.367,3.97-3.189,7.42c-1.888,0.781-5.858,2.604-6.183,4.556 c-0.13,0.586,0.065,1.172,0.521,1.627C13.688,34.805,14.273,35,14.859,35c2.408,0,4.751-3.32,6.379-6.118 c1.367-0.456,3.515-1.107,5.663-1.497c2.538,2.213,4.751,2.538,5.923,2.538c1.562,0,2.148-0.651,2.343-1.237 C35.492,28.036,35.297,27.32,34.841,26.799z M33.214,27.905c-0.065,0.456-0.651,0.911-1.692,0.651 c-1.237-0.325-2.343-0.911-3.32-1.692c0.846-0.13,2.734-0.325,4.101-0.065C32.824,26.929,33.344,27.254,33.214,27.905z M22.344,14.497c0.13-0.195,0.325-0.325,0.521-0.325c0.586,0,0.716,0.716,0.716,1.302c-0.065,1.367-0.325,2.734-0.781,4.036 C21.824,16.905,22.019,15.083,22.344,14.497z M22.214,27.124c0.521-1.041,1.237-2.864,1.497-3.645 c0.586,0.976,1.562,2.148,2.083,2.669C25.794,26.213,23.776,26.604,22.214,27.124z M18.374,29.728 c-1.497,2.473-3.059,4.036-3.905,4.036c-0.13,0-0.26-0.065-0.391-0.13c-0.195-0.13-0.26-0.325-0.195-0.586 C14.078,32.136,15.77,30.899,18.374,29.728z\"><\/path><\/svg>\t\t\t<\/div>\n\t\t<\/div>\n\t\t\t\t\t\t<\/div>\n\t\t\t\t<\/div>\n\t\t\t\t<\/div>\n\t\t<div class=\"elementor-element elementor-element-460c9e12 e-flex e-con-boxed e-con e-child\" data-id=\"460c9e12\" data-element_type=\"container\">\n\t\t\t\t\t<div class=\"e-con-inner\">\n\t\t\t\t<div class=\"elementor-element elementor-element-36aa6330 elementor-widget elementor-widget-heading\" data-id=\"36aa6330\" data-element_type=\"widget\" data-widget_type=\"heading.default\">\n\t\t\t\t<div class=\"elementor-widget-container\">\n\t\t\t\t\t<h6 class=\"elementor-heading-title elementor-size-default\">Bases del premio a las Buenas Pr\u00e1cticas de Comercializaci\u00f3n y del buen vivir 2025<\/h6>\t\t\t\t<\/div>\n\t\t\t\t<\/div>\n\t\t\t\t\t<\/div>\n\t\t\t\t<\/div>\n\t\t<div class=\"elementor-element elementor-element-57893391 e-flex e-con-boxed e-con e-child\" data-id=\"57893391\" data-element_type=\"container\">\n\t\t\t\t\t<div class=\"e-con-inner\">\n\t\t\t\t<div class=\"elementor-element elementor-element-18e70ef7 elementor-widget-mobile__width-initial elementor-widget elementor-widget-button\" data-id=\"18e70ef7\" data-element_type=\"widget\" data-widget_type=\"button.default\">\n\t\t\t\t<div class=\"elementor-widget-container\">\n\t\t\t\t\t\t\t\t\t<div class=\"elementor-button-wrapper\">\n\t\t\t\t\t<a class=\"elementor-button elementor-button-link elementor-size-sm\" href=\"https:\/\/www.quito.gob.ec\/wp-content\/uploads\/2025\/07\/BASES-DEL-PREMIO-DE-LAS-BUENAS-PRACTICAS-DE-COMERCIALIZACION_final.pdf\" target=\"_blank\" download=\"MM_CONVOCATORIA-2025-2_0001\">\n\t\t\t\t\t\t<span class=\"elementor-button-content-wrapper\">\n\t\t\t\t\t\t<span class=\"elementor-button-icon\">\n\t\t\t\t<svg aria-hidden=\"true\" class=\"e-font-icon-svg e-fas-download\" viewBox=\"0 0 512 512\" xmlns=\"http:\/\/www.w3.org\/2000\/svg\"><path d=\"M216 0h80c13.3 0 24 10.7 24 24v168h87.7c17.8 0 26.7 21.5 14.1 34.1L269.7 378.3c-7.5 7.5-19.8 7.5-27.3 0L90.1 226.1c-12.6-12.6-3.7-34.1 14.1-34.1H192V24c0-13.3 10.7-24 24-24zm296 376v112c0 13.3-10.7 24-24 24H24c-13.3 0-24-10.7-24-24V376c0-13.3 10.7-24 24-24h146.7l49 49c20.1 20.1 52.5 20.1 72.6 0l49-49H488c13.3 0 24 10.7 24 24zm-124 88c0-11-9-20-20-20s-20 9-20 20 9 20 20 20 20-9 20-20zm64 0c0-11-9-20-20-20s-20 9-20 20 9 20 20 20 20-9 20-20z\"><\/path><\/svg>\t\t\t<\/span>\n\t\t\t\t\t\t\t\t\t<span class=\"elementor-button-text\">Descargar<\/span>\n\t\t\t\t\t<\/span>\n\t\t\t\t\t<\/a>\n\t\t\t\t<\/div>\n\t\t\t\t\t\t\t\t<\/div>\n\t\t\t\t<\/div>\n\t\t\t\t\t<\/div>\n\t\t\t\t<\/div>\n\t\t\t\t\t<\/div>\n\t\t\t\t<\/div>\n\t\t<div class=\"elementor-element elementor-element-d92f30d e-flex e-con-boxed e-con e-child\" data-id=\"d92f30d\" data-element_type=\"container\">\n\t\t\t\t\t<div class=\"e-con-inner\">\n\t\t<div class=\"elementor-element elementor-element-8e38032 e-con-full e-flex e-con e-child\" data-id=\"8e38032\" data-element_type=\"container\">\n\t\t\t\t<div class=\"elementor-element elementor-element-5766660 elementor-view-default elementor-widget elementor-widget-icon\" data-id=\"5766660\" data-element_type=\"widget\" data-widget_type=\"icon.default\">\n\t\t\t\t<div class=\"elementor-widget-container\">\n\t\t\t\t\t\t\t<div class=\"elementor-icon-wrapper\">\n\t\t\t<div class=\"elementor-icon\">\n\t\t\t<svg xmlns=\"http:\/\/www.w3.org\/2000\/svg\" viewBox=\"0 0 48 48\" width=\"48px\" height=\"48px\"><path fill=\"#e53935\" d=\"M38,42H10c-2.209,0-4-1.791-4-4V10c0-2.209,1.791-4,4-4h28c2.209,0,4,1.791,4,4v28 C42,40.209,40.209,42,38,42z\"><\/path><path fill=\"#fff\" d=\"M34.841,26.799c-1.692-1.757-6.314-1.041-7.42-0.911c-1.627-1.562-2.734-3.45-3.124-4.101 c0.586-1.757,0.976-3.515,1.041-5.402c0-1.627-0.651-3.385-2.473-3.385c-0.651,0-1.237,0.391-1.562,0.911 c-0.781,1.367-0.456,4.101,0.781,6.899c-0.716,2.018-1.367,3.97-3.189,7.42c-1.888,0.781-5.858,2.604-6.183,4.556 c-0.13,0.586,0.065,1.172,0.521,1.627C13.688,34.805,14.273,35,14.859,35c2.408,0,4.751-3.32,6.379-6.118 c1.367-0.456,3.515-1.107,5.663-1.497c2.538,2.213,4.751,2.538,5.923,2.538c1.562,0,2.148-0.651,2.343-1.237 C35.492,28.036,35.297,27.32,34.841,26.799z M33.214,27.905c-0.065,0.456-0.651,0.911-1.692,0.651 c-1.237-0.325-2.343-0.911-3.32-1.692c0.846-0.13,2.734-0.325,4.101-0.065C32.824,26.929,33.344,27.254,33.214,27.905z M22.344,14.497c0.13-0.195,0.325-0.325,0.521-0.325c0.586,0,0.716,0.716,0.716,1.302c-0.065,1.367-0.325,2.734-0.781,4.036 C21.824,16.905,22.019,15.083,22.344,14.497z M22.214,27.124c0.521-1.041,1.237-2.864,1.497-3.645 c0.586,0.976,1.562,2.148,2.083,2.669C25.794,26.213,23.776,26.604,22.214,27.124z M18.374,29.728 c-1.497,2.473-3.059,4.036-3.905,4.036c-0.13,0-0.26-0.065-0.391-0.13c-0.195-0.13-0.26-0.325-0.195-0.586 C14.078,32.136,15.77,30.899,18.374,29.728z\"><\/path><\/svg>\t\t\t<\/div>\n\t\t<\/div>\n\t\t\t\t\t\t<\/div>\n\t\t\t\t<\/div>\n\t\t\t\t<\/div>\n\t\t<div class=\"elementor-element elementor-element-ae7bbee e-flex e-con-boxed e-con e-child\" data-id=\"ae7bbee\" data-element_type=\"container\">\n\t\t\t\t\t<div class=\"e-con-inner\">\n\t\t\t\t<div class=\"elementor-element elementor-element-db09084 elementor-widget elementor-widget-heading\" data-id=\"db09084\" data-element_type=\"widget\" data-widget_type=\"heading.default\">\n\t\t\t\t<div class=\"elementor-widget-container\">\n\t\t\t\t\t<h6 class=\"elementor-heading-title elementor-size-default\">\nFormulario de postulaci\u00f3n para el premio a las Buenas Pr\u00e1cticas de Comercializaci\u00f3n y del Buen\nVivir 2025<\/h6>\t\t\t\t<\/div>\n\t\t\t\t<\/div>\n\t\t\t\t\t<\/div>\n\t\t\t\t<\/div>\n\t\t<div class=\"elementor-element elementor-element-e6afff2 e-flex e-con-boxed e-con e-child\" data-id=\"e6afff2\" data-element_type=\"container\">\n\t\t\t\t\t<div class=\"e-con-inner\">\n\t\t\t\t<div class=\"elementor-element elementor-element-e434674 elementor-widget-mobile__width-initial elementor-widget elementor-widget-button\" data-id=\"e434674\" data-element_type=\"widget\" data-widget_type=\"button.default\">\n\t\t\t\t<div class=\"elementor-widget-container\">\n\t\t\t\t\t\t\t\t\t<div class=\"elementor-button-wrapper\">\n\t\t\t\t\t<a class=\"elementor-button elementor-button-link elementor-size-sm\" href=\"https:\/\/www.quito.gob.ec\/wp-content\/uploads\/2025\/07\/Formulario-Premio-para-el-premio-a-las-Buenas-Practicas-de-Comercializacion-y-del-Buen-Vivir-2025.pdf\" target=\"_blank\" download=\"MM_CONVOCATORIA-2025-3_0001\">\n\t\t\t\t\t\t<span class=\"elementor-button-content-wrapper\">\n\t\t\t\t\t\t<span class=\"elementor-button-icon\">\n\t\t\t\t<svg aria-hidden=\"true\" class=\"e-font-icon-svg e-fas-download\" viewBox=\"0 0 512 512\" xmlns=\"http:\/\/www.w3.org\/2000\/svg\"><path d=\"M216 0h80c13.3 0 24 10.7 24 24v168h87.7c17.8 0 26.7 21.5 14.1 34.1L269.7 378.3c-7.5 7.5-19.8 7.5-27.3 0L90.1 226.1c-12.6-12.6-3.7-34.1 14.1-34.1H192V24c0-13.3 10.7-24 24-24zm296 376v112c0 13.3-10.7 24-24 24H24c-13.3 0-24-10.7-24-24V376c0-13.3 10.7-24 24-24h146.7l49 49c20.1 20.1 52.5 20.1 72.6 0l49-49H488c13.3 0 24 10.7 24 24zm-124 88c0-11-9-20-20-20s-20 9-20 20 9 20 20 20 20-9 20-20zm64 0c0-11-9-20-20-20s-20 9-20 20 9 20 20 20 20-9 20-20z\"><\/path><\/svg>\t\t\t<\/span>\n\t\t\t\t\t\t\t\t\t<span class=\"elementor-button-text\">Descargar<\/span>\n\t\t\t\t\t<\/span>\n\t\t\t\t\t<\/a>\n\t\t\t\t<\/div>\n\t\t\t\t\t\t\t\t<\/div>\n\t\t\t\t<\/div>\n\t\t\t\t\t<\/div>\n\t\t\t\t<\/div>\n\t\t\t\t\t<\/div>\n\t\t\t\t<\/div>\n\t\t\t\t\t<\/div>\n\t\t\t\t<\/div>\n\t\t<div class=\"elementor-element elementor-element-c00dee4 e-flex e-con-boxed e-con e-parent\" data-id=\"c00dee4\" data-element_type=\"container\">\n\t\t\t\t\t<div class=\"e-con-inner\">\n\t\t\t\t\t<\/div>\n\t\t\t\t<\/div>\n\t\t\t\t<\/div>\n\t\t","protected":false},"excerpt":{"rendered":"<p>CONVOCATORIA La Comisi\u00f3n de Comercializaci\u00f3n del Concejo Metropolitano de Quito a trav\u00e9s de la Agencia Metropolitana de Coordinaci\u00f3n de Comercio-AMCC, [&hellip;]<\/p>\n","protected":false},"author":5,"featured_media":0,"parent":0,"menu_order":0,"comment_status":"closed","ping_status":"closed","template":"","meta":{"site-sidebar-layout":"no-sidebar","site-content-layout":"","ast-site-content-layout":"full-width-container","site-content-style":"default","site-sidebar-style":"default","ast-global-header-display":"","ast-banner-title-visibility":"","ast-main-header-display":"","ast-hfb-above-header-display":"","ast-hfb-below-header-display":"","ast-hfb-mobile-header-display":"","site-post-title":"disabled","ast-breadcrumbs-content":"","ast-featured-img":"disabled","footer-sml-layout":"","ast-disable-related-posts":"","theme-transparent-header-meta":"","adv-header-id-meta":"","stick-header-meta":"","header-above-stick-meta":"","header-main-stick-meta":"","header-below-stick-meta":"","astra-migrate-meta-layouts":"default","ast-page-background-enabled":"default","ast-page-background-meta":{"desktop":{"background-color":"var(--ast-global-color-4)","background-image":"","background-repeat":"repeat","background-position":"center center","background-size":"auto","background-attachment":"scroll","background-type":"","background-media":"","overlay-type":"","overlay-color":"","overlay-opacity":"","overlay-gradient":""},"tablet":{"background-color":"","background-image":"","background-repeat":"repeat","background-position":"center center","background-size":"auto","background-attachment":"scroll","background-type":"","background-media":"","overlay-type":"","overlay-color":"","overlay-opacity":"","overlay-gradient":""},"mobile":{"background-color":"","background-image":"","background-repeat":"repeat","background-position":"center center","background-size":"auto","background-attachment":"scroll","background-type":"","background-media":"","overlay-type":"","overlay-color":"","overlay-opacity":"","overlay-gradient":""}},"ast-content-background-meta":{"desktop":{"background-color":"var(--ast-global-color-5)","background-image":"","background-repeat":"repeat","background-position":"center center","background-size":"auto","background-attachment":"scroll","background-type":"","background-media":"","overlay-type":"","overlay-color":"","overlay-opacity":"","overlay-gradient":""},"tablet":{"background-color":"var(--ast-global-color-5)","background-image":"","background-repeat":"repeat","background-position":"center center","background-size":"auto","background-attachment":"scroll","background-type":"","background-media":"","overlay-type":"","overlay-color":"","overlay-opacity":"","overlay-gradient":""},"mobile":{"background-color":"var(--ast-global-color-5)","background-image":"","background-repeat":"repeat","background-position":"center center","background-size":"auto","background-attachment":"scroll","background-type":"","background-media":"","overlay-type":"","overlay-color":"","overlay-opacity":"","overlay-gradient":""}},"footnotes":""},"class_list":["post-6560","page","type-page","status-publish","hentry"],"yoast_head":"<!-- This site is optimized with the Yoast SEO plugin v26.8 - https:\/\/yoast.com\/product\/yoast-seo-wordpress\/ -->\n<title>Premio a las Buenas Pr\u00e1cticas de Comercializaci\u00f3n y del Buen Vivir 2025 - Municipio de Quito<\/title>\n<meta name=\"robots\" content=\"index, follow, max-snippet:-1, max-image-preview:large, max-video-preview:-1\" \/>\n<link rel=\"canonical\" href=\"https:\/\/www.quito.gob.ec\/?page_id=6560\" \/>\n<meta property=\"og:locale\" content=\"es_ES\" \/>\n<meta property=\"og:type\" content=\"article\" \/>\n<meta property=\"og:title\" content=\"Premio a las Buenas Pr\u00e1cticas de Comercializaci\u00f3n y del Buen Vivir 2025 - Municipio de Quito\" \/>\n<meta property=\"og:description\" content=\"CONVOCATORIA La Comisi\u00f3n de Comercializaci\u00f3n del Concejo Metropolitano de Quito a trav\u00e9s de la Agencia Metropolitana de Coordinaci\u00f3n de Comercio-AMCC, [&hellip;]\" \/>\n<meta property=\"og:url\" content=\"https:\/\/www.quito.gob.ec\/?page_id=6560\" \/>\n<meta property=\"og:site_name\" content=\"Municipio de Quito\" \/>\n<meta property=\"article:modified_time\" content=\"2025-07-01T20:06:28+00:00\" \/>\n<meta name=\"twitter:card\" content=\"summary_large_image\" \/>\n<meta name=\"twitter:label1\" content=\"Tiempo de lectura\" \/>\n\t<meta name=\"twitter:data1\" content=\"1 minuto\" \/>\n<script type=\"application\/ld+json\" class=\"yoast-schema-graph\">{\"@context\":\"https:\/\/schema.org\",\"@graph\":[{\"@type\":\"WebPage\",\"@id\":\"https:\/\/www.quito.gob.ec\/?page_id=6560\",\"url\":\"https:\/\/www.quito.gob.ec\/?page_id=6560\",\"name\":\"Premio a las Buenas Pr\u00e1cticas de Comercializaci\u00f3n y del Buen Vivir 2025 - Municipio de Quito\",\"isPartOf\":{\"@id\":\"https:\/\/www.quito.gob.ec\/#website\"},\"datePublished\":\"2024-06-17T21:20:04+00:00\",\"dateModified\":\"2025-07-01T20:06:28+00:00\",\"breadcrumb\":{\"@id\":\"https:\/\/www.quito.gob.ec\/?page_id=6560#breadcrumb\"},\"inLanguage\":\"es\",\"potentialAction\":[{\"@type\":\"ReadAction\",\"target\":[\"https:\/\/www.quito.gob.ec\/?page_id=6560\"]}]},{\"@type\":\"BreadcrumbList\",\"@id\":\"https:\/\/www.quito.gob.ec\/?page_id=6560#breadcrumb\",\"itemListElement\":[{\"@type\":\"ListItem\",\"position\":1,\"name\":\"Portada\",\"item\":\"https:\/\/www.quito.gob.ec\/\"},{\"@type\":\"ListItem\",\"position\":2,\"name\":\"Premio a las Buenas Pr\u00e1cticas de Comercializaci\u00f3n y del Buen Vivir 2025\"}]},{\"@type\":\"WebSite\",\"@id\":\"https:\/\/www.quito.gob.ec\/#website\",\"url\":\"https:\/\/www.quito.gob.ec\/\",\"name\":\"Municipio de Quito\",\"description\":\"\",\"publisher\":{\"@id\":\"https:\/\/www.quito.gob.ec\/#organization\"},\"potentialAction\":[{\"@type\":\"SearchAction\",\"target\":{\"@type\":\"EntryPoint\",\"urlTemplate\":\"https:\/\/www.quito.gob.ec\/?s={search_term_string}\"},\"query-input\":{\"@type\":\"PropertyValueSpecification\",\"valueRequired\":true,\"valueName\":\"search_term_string\"}}],\"inLanguage\":\"es\"},{\"@type\":\"Organization\",\"@id\":\"https:\/\/www.quito.gob.ec\/#organization\",\"name\":\"Municipio de Quito\",\"url\":\"https:\/\/www.quito.gob.ec\/\",\"logo\":{\"@type\":\"ImageObject\",\"inLanguage\":\"es\",\"@id\":\"https:\/\/www.quito.gob.ec\/#\/schema\/logo\/image\/\",\"url\":\"https:\/\/www.quito.gob.ec\/wp-content\/uploads\/2024\/01\/LOGO_ALCALDIA_QUITO-23.svg\",\"contentUrl\":\"https:\/\/www.quito.gob.ec\/wp-content\/uploads\/2024\/01\/LOGO_ALCALDIA_QUITO-23.svg\",\"caption\":\"Municipio de Quito\"},\"image\":{\"@id\":\"https:\/\/www.quito.gob.ec\/#\/schema\/logo\/image\/\"}}]}<\/script>\n<!-- \/ Yoast SEO plugin. -->","yoast_head_json":{"title":"Premio a las Buenas Pr\u00e1cticas de Comercializaci\u00f3n y del Buen Vivir 2025 - Municipio de Quito","robots":{"index":"index","follow":"follow","max-snippet":"max-snippet:-1","max-image-preview":"max-image-preview:large","max-video-preview":"max-video-preview:-1"},"canonical":"https:\/\/www.quito.gob.ec\/?page_id=6560","og_locale":"es_ES","og_type":"article","og_title":"Premio a las Buenas Pr\u00e1cticas de Comercializaci\u00f3n y del Buen Vivir 2025 - Municipio de Quito","og_description":"CONVOCATORIA La Comisi\u00f3n de Comercializaci\u00f3n del Concejo Metropolitano de Quito a trav\u00e9s de la Agencia Metropolitana de Coordinaci\u00f3n de Comercio-AMCC, [&hellip;]","og_url":"https:\/\/www.quito.gob.ec\/?page_id=6560","og_site_name":"Municipio de Quito","article_modified_time":"2025-07-01T20:06:28+00:00","twitter_card":"summary_large_image","twitter_misc":{"Tiempo de lectura":"1 minuto"},"schema":{"@context":"https:\/\/schema.org","@graph":[{"@type":"WebPage","@id":"https:\/\/www.quito.gob.ec\/?page_id=6560","url":"https:\/\/www.quito.gob.ec\/?page_id=6560","name":"Premio a las Buenas Pr\u00e1cticas de Comercializaci\u00f3n y del Buen Vivir 2025 - Municipio de Quito","isPartOf":{"@id":"https:\/\/www.quito.gob.ec\/#website"},"datePublished":"2024-06-17T21:20:04+00:00","dateModified":"2025-07-01T20:06:28+00:00","breadcrumb":{"@id":"https:\/\/www.quito.gob.ec\/?page_id=6560#breadcrumb"},"inLanguage":"es","potentialAction":[{"@type":"ReadAction","target":["https:\/\/www.quito.gob.ec\/?page_id=6560"]}]},{"@type":"BreadcrumbList","@id":"https:\/\/www.quito.gob.ec\/?page_id=6560#breadcrumb","itemListElement":[{"@type":"ListItem","position":1,"name":"Portada","item":"https:\/\/www.quito.gob.ec\/"},{"@type":"ListItem","position":2,"name":"Premio a las Buenas Pr\u00e1cticas de Comercializaci\u00f3n y del Buen Vivir 2025"}]},{"@type":"WebSite","@id":"https:\/\/www.quito.gob.ec\/#website","url":"https:\/\/www.quito.gob.ec\/","name":"Municipio de Quito","description":"","publisher":{"@id":"https:\/\/www.quito.gob.ec\/#organization"},"potentialAction":[{"@type":"SearchAction","target":{"@type":"EntryPoint","urlTemplate":"https:\/\/www.quito.gob.ec\/?s={search_term_string}"},"query-input":{"@type":"PropertyValueSpecification","valueRequired":true,"valueName":"search_term_string"}}],"inLanguage":"es"},{"@type":"Organization","@id":"https:\/\/www.quito.gob.ec\/#organization","name":"Municipio de Quito","url":"https:\/\/www.quito.gob.ec\/","logo":{"@type":"ImageObject","inLanguage":"es","@id":"https:\/\/www.quito.gob.ec\/#\/schema\/logo\/image\/","url":"https:\/\/www.quito.gob.ec\/wp-content\/uploads\/2024\/01\/LOGO_ALCALDIA_QUITO-23.svg","contentUrl":"https:\/\/www.quito.gob.ec\/wp-content\/uploads\/2024\/01\/LOGO_ALCALDIA_QUITO-23.svg","caption":"Municipio de Quito"},"image":{"@id":"https:\/\/www.quito.gob.ec\/#\/schema\/logo\/image\/"}}]}},"_links":{"self":[{"href":"https:\/\/www.quito.gob.ec\/index.php?rest_route=\/wp\/v2\/pages\/6560","targetHints":{"allow":["GET"]}}],"collection":[{"href":"https:\/\/www.quito.gob.ec\/index.php?rest_route=\/wp\/v2\/pages"}],"about":[{"href":"https:\/\/www.quito.gob.ec\/index.php?rest_route=\/wp\/v2\/types\/page"}],"author":[{"embeddable":true,"href":"https:\/\/www.quito.gob.ec\/index.php?rest_route=\/wp\/v2\/users\/5"}],"replies":[{"embeddable":true,"href":"https:\/\/www.quito.gob.ec\/index.php?rest_route=%2Fwp%2Fv2%2Fcomments&post=6560"}],"version-history":[{"count":62,"href":"https:\/\/www.quito.gob.ec\/index.php?rest_route=\/wp\/v2\/pages\/6560\/revisions"}],"predecessor-version":[{"id":11628,"href":"https:\/\/www.quito.gob.ec\/index.php?rest_route=\/wp\/v2\/pages\/6560\/revisions\/11628"}],"wp:attachment":[{"href":"https:\/\/www.quito.gob.ec\/index.php?rest_route=%2Fwp%2Fv2%2Fmedia&parent=6560"}],"curies":[{"name":"wp","href":"https:\/\/api.w.org\/{rel}","templated":true}]}}